{"id":44,"date":"2017-02-17T18:46:26","date_gmt":"2017-02-17T17:46:26","guid":{"rendered":"http:\/\/www.eeg-biofeedback-hradec.cz\/poradna\/?page_id=44"},"modified":"2017-02-17T18:46:26","modified_gmt":"2017-02-17T17:46:26","slug":"vyuka-a-prakticke-vyuziti-relaxacnich-technik","status":"publish","type":"page","link":"http:\/\/www.eeg-biofeedback-hradec.cz\/poradna\/vyuka-a-prakticke-vyuziti-relaxacnich-technik\/","title":{"rendered":"V\u00fduka a praktick\u00e9 vyu\u017eit\u00ed relaxa\u010dn\u00edch technik"},"content":{"rendered":"<p>M\u00e1m bohat\u00e9 zku\u0161enosti s relaxac\u00ed a meditac\u00ed, des\u00edtky let je s\u00e1m prakticky prov\u00e1d\u00edm.<br \/>\nM\u00e1m \u0161kolen\u00ed u odborn\u00edk\u016f &#8211; PhDr. J. \u0160turmy, PhDr. Turbov\u00e9, PhDr. J. Tyla a dal\u0161\u00edch.<\/p>\n<p>B\u011bhem sezen\u00ed probereme, jak\u00e1 konkr\u00e9tn\u00ed metoda bude vhodn\u00e1 pro klienta, jak se prakticky prov\u00e1d\u00ed, a jak se vyhnout chyb\u00e1m. D\u00e1le jak\u00e9 pom\u016fcky a sugesce je mo\u017en\u00e9 pou\u017e\u00edt, aby se cel\u00fd proces urychlil a brzy bylo c\u00edtit v\u00fdsledky. Pravidelnost je jednou z nutn\u00fdch podm\u00ednek \u00fasp\u011bchu.<br \/>\nPlodem dobr\u00e9 relaxace, je hlubok\u00fd odpo\u010dinek a nav\u00e1z\u00e1n\u00ed nov\u00e9ho kontaktu se sebou sam\u00fdm, se svou du\u0161\u00ed. Mohu se rozhodnout, vykro\u010dit osv\u011b\u017een po nov\u00e9 cest\u011b svobodn\u011bji a s vyjasn\u011bn\u00fdmi my\u0161lenkami.<\/p>\n<p>Stres a usp\u011bchanost, soust\u0159ed\u011bn\u00ed na v\u00fdkon, velk\u00e1 p\u0159\u00edsnost a\u017e tvrdost k sob\u011b sam\u00e9mu, vede \u010dasto k nespavosti, nesoust\u0159ed\u011bnosti a v krajn\u00edm p\u0159\u00edpad\u011b k v\u00fdpadk\u016fm pam\u011bti, z\u00e1chvat\u016fm \u00fazkosti, aritmij\u00edm, nechuti d\u00e1l \u017e\u00edt, syndromu vyho\u0159en\u00ed, omdl\u00edv\u00e1n\u00ed&#8230;T\u011blo prost\u011b m\u00e1 u\u017e v\u0161eho dost a nechce se nechat d\u00e1l t\u00fdrat sv\u00fdm majitelem. Vypadnou takzvan\u011b pojistky a klient u\u017e nen\u00ed schopen pracovat.<\/p>\n<p>Je nutn\u00e9 p\u0159edch\u00e1zet tomuto stavu a prov\u00e1d\u011bt pravideln\u011b relaxace a meditace, zdrav\u00e9 cvi\u010den\u00ed t\u011bla a napl\u00e1novat si odpo\u010dinek, kter\u00fd si nenech\u00e1me ni\u010d\u00edm sebed\u016fle\u017eit\u011bj\u0161\u00edm vz\u00edt.<\/p>\n","protected":false},"excerpt":{"rendered":"M\u00e1m bohat\u00e9 zku\u0161enosti s relaxac\u00ed a meditac\u00ed, des\u00edtky let je s\u00e1m prakticky prov\u00e1d\u00edm. M\u00e1m \u0161kolen\u00ed u odborn\u00edk\u016f &#8211; PhDr. J. \u0160turmy, PhDr. Turbov\u00e9, PhDr. J. Tyla a dal\u0161\u00edch. B\u011bhem sezen\u00ed probereme, jak\u00e1 konkr\u00e9tn\u00ed metoda bude vhodn\u00e1 pro klienta, jak se prakticky prov\u00e1d\u00ed, a jak se vyhnout chyb\u00e1m. D\u00e1le jak\u00e9 pom\u016fcky a sugesce je mo\u017en\u00e9 pou\u017e\u00edt,&#8230; <a class=\"view-article\" href=\"http:\/\/www.eeg-biofeedback-hradec.cz\/poradna\/vyuka-a-prakticke-vyuziti-relaxacnich-technik\/\">View Article<\/a>","protected":false},"author":1,"featured_media":0,"parent":0,"menu_order":0,"comment_status":"closed","ping_status":"closed","template":"","meta":[],"acf":[],"yoast_head":"<!-- This site is optimized with the Yoast SEO plugin v17.7.1 - https:\/\/yoast.com\/wordpress\/plugins\/seo\/ -->\n<meta name=\"robots\" content=\"index, follow, max-snippet:-1, max-image-preview:large, max-video-preview:-1\" \/>\n<link rel=\"canonical\" href=\"http:\/\/www.eeg-biofeedback-hradec.cz\/poradna\/vyuka-a-prakticke-vyuziti-relaxacnich-technik\/\" \/>\n<meta property=\"og:locale\" content=\"cs_CZ\" \/>\n<meta property=\"og:type\" content=\"article\" \/>\n<meta property=\"og:title\" content=\"V\u00fduka a praktick\u00e9 vyu\u017eit\u00ed relaxa\u010dn\u00edch technik - Poradna pro osobn\u00ed a rodinn\u00e9 vztahy | Radom\u00edr a Petra Noskovi | Hradec Kr\u00e1lov\u00e9\" \/>\n<meta property=\"og:description\" content=\"M\u00e1m bohat\u00e9 zku\u0161enosti s relaxac\u00ed a meditac\u00ed, des\u00edtky let je s\u00e1m prakticky prov\u00e1d\u00edm. M\u00e1m \u0161kolen\u00ed u odborn\u00edk\u016f &#8211; PhDr. J. \u0160turmy, PhDr. Turbov\u00e9, PhDr. J. Tyla a dal\u0161\u00edch. B\u011bhem sezen\u00ed probereme, jak\u00e1 konkr\u00e9tn\u00ed metoda bude vhodn\u00e1 pro klienta, jak se prakticky prov\u00e1d\u00ed, a jak se vyhnout chyb\u00e1m. D\u00e1le jak\u00e9 pom\u016fcky a sugesce je mo\u017en\u00e9 pou\u017e\u00edt,... View Article\" \/>\n<meta property=\"og:url\" content=\"http:\/\/www.eeg-biofeedback-hradec.cz\/poradna\/vyuka-a-prakticke-vyuziti-relaxacnich-technik\/\" \/>\n<meta property=\"og:site_name\" content=\"Poradna pro osobn\u00ed a rodinn\u00e9 vztahy | Radom\u00edr a Petra Noskovi | Hradec Kr\u00e1lov\u00e9\" \/>\n<meta name=\"twitter:card\" content=\"summary_large_image\" \/>\n<meta name=\"twitter:label1\" content=\"Odhadovan\u00e1 doba \u010dten\u00ed\" \/>\n\t<meta name=\"twitter:data1\" content=\"1 minuta\" \/>\n<script type=\"application\/ld+json\" class=\"yoast-schema-graph\">{\"@context\":\"https:\/\/schema.org\",\"@graph\":[{\"@type\":\"WebSite\",\"@id\":\"https:\/\/www.eeg-biofeedback-hradec.cz\/poradna\/#website\",\"url\":\"https:\/\/www.eeg-biofeedback-hradec.cz\/poradna\/\",\"name\":\"Poradna pro osobn\\u00ed a rodinn\\u00e9 vztahy | Radom\\u00edr a Petra Noskovi | Hradec Kr\\u00e1lov\\u00e9\",\"description\":\"\",\"potentialAction\":[{\"@type\":\"SearchAction\",\"target\":{\"@type\":\"EntryPoint\",\"urlTemplate\":\"https:\/\/www.eeg-biofeedback-hradec.cz\/poradna\/?s={search_term_string}\"},\"query-input\":\"required name=search_term_string\"}],\"inLanguage\":\"cs\"},{\"@type\":\"WebPage\",\"@id\":\"http:\/\/www.eeg-biofeedback-hradec.cz\/poradna\/vyuka-a-prakticke-vyuziti-relaxacnich-technik\/#webpage\",\"url\":\"http:\/\/www.eeg-biofeedback-hradec.cz\/poradna\/vyuka-a-prakticke-vyuziti-relaxacnich-technik\/\",\"name\":\"V\\u00fduka a praktick\\u00e9 vyu\\u017eit\\u00ed relaxa\\u010dn\\u00edch technik - Poradna pro osobn\\u00ed a rodinn\\u00e9 vztahy | Radom\\u00edr a Petra Noskovi | Hradec Kr\\u00e1lov\\u00e9\",\"isPartOf\":{\"@id\":\"https:\/\/www.eeg-biofeedback-hradec.cz\/poradna\/#website\"},\"datePublished\":\"2017-02-17T17:46:26+00:00\",\"dateModified\":\"2017-02-17T17:46:26+00:00\",\"breadcrumb\":{\"@id\":\"http:\/\/www.eeg-biofeedback-hradec.cz\/poradna\/vyuka-a-prakticke-vyuziti-relaxacnich-technik\/#breadcrumb\"},\"inLanguage\":\"cs\",\"potentialAction\":[{\"@type\":\"ReadAction\",\"target\":[\"http:\/\/www.eeg-biofeedback-hradec.cz\/poradna\/vyuka-a-prakticke-vyuziti-relaxacnich-technik\/\"]}]},{\"@type\":\"BreadcrumbList\",\"@id\":\"http:\/\/www.eeg-biofeedback-hradec.cz\/poradna\/vyuka-a-prakticke-vyuziti-relaxacnich-technik\/#breadcrumb\",\"itemListElement\":[{\"@type\":\"ListItem\",\"position\":1,\"name\":\"Dom\\u016f\",\"item\":\"https:\/\/www.eeg-biofeedback-hradec.cz\/poradna\/\"},{\"@type\":\"ListItem\",\"position\":2,\"name\":\"V\\u00fduka a praktick\\u00e9 vyu\\u017eit\\u00ed relaxa\\u010dn\\u00edch technik\"}]}]}<\/script>\n<!-- \/ Yoast SEO plugin. -->","yoast_head_json":{"robots":{"index":"index","follow":"follow","max-snippet":"max-snippet:-1","max-image-preview":"max-image-preview:large","max-video-preview":"max-video-preview:-1"},"canonical":"http:\/\/www.eeg-biofeedback-hradec.cz\/poradna\/vyuka-a-prakticke-vyuziti-relaxacnich-technik\/","og_locale":"cs_CZ","og_type":"article","og_title":"V\u00fduka a praktick\u00e9 vyu\u017eit\u00ed relaxa\u010dn\u00edch technik - Poradna pro osobn\u00ed a rodinn\u00e9 vztahy | Radom\u00edr a Petra Noskovi | Hradec Kr\u00e1lov\u00e9","og_description":"M\u00e1m bohat\u00e9 zku\u0161enosti s relaxac\u00ed a meditac\u00ed, des\u00edtky let je s\u00e1m prakticky prov\u00e1d\u00edm. M\u00e1m \u0161kolen\u00ed u odborn\u00edk\u016f &#8211; PhDr. J. \u0160turmy, PhDr. Turbov\u00e9, PhDr. J. Tyla a dal\u0161\u00edch. B\u011bhem sezen\u00ed probereme, jak\u00e1 konkr\u00e9tn\u00ed metoda bude vhodn\u00e1 pro klienta, jak se prakticky prov\u00e1d\u00ed, a jak se vyhnout chyb\u00e1m. D\u00e1le jak\u00e9 pom\u016fcky a sugesce je mo\u017en\u00e9 pou\u017e\u00edt,... View Article","og_url":"http:\/\/www.eeg-biofeedback-hradec.cz\/poradna\/vyuka-a-prakticke-vyuziti-relaxacnich-technik\/","og_site_name":"Poradna pro osobn\u00ed a rodinn\u00e9 vztahy | Radom\u00edr a Petra Noskovi | Hradec Kr\u00e1lov\u00e9","twitter_card":"summary_large_image","twitter_misc":{"Odhadovan\u00e1 doba \u010dten\u00ed":"1 minuta"},"schema":{"@context":"https:\/\/schema.org","@graph":[{"@type":"WebSite","@id":"https:\/\/www.eeg-biofeedback-hradec.cz\/poradna\/#website","url":"https:\/\/www.eeg-biofeedback-hradec.cz\/poradna\/","name":"Poradna pro osobn\u00ed a rodinn\u00e9 vztahy | Radom\u00edr a Petra Noskovi | Hradec Kr\u00e1lov\u00e9","description":"","potentialAction":[{"@type":"SearchAction","target":{"@type":"EntryPoint","urlTemplate":"https:\/\/www.eeg-biofeedback-hradec.cz\/poradna\/?s={search_term_string}"},"query-input":"required name=search_term_string"}],"inLanguage":"cs"},{"@type":"WebPage","@id":"http:\/\/www.eeg-biofeedback-hradec.cz\/poradna\/vyuka-a-prakticke-vyuziti-relaxacnich-technik\/#webpage","url":"http:\/\/www.eeg-biofeedback-hradec.cz\/poradna\/vyuka-a-prakticke-vyuziti-relaxacnich-technik\/","name":"V\u00fduka a praktick\u00e9 vyu\u017eit\u00ed relaxa\u010dn\u00edch technik - Poradna pro osobn\u00ed a rodinn\u00e9 vztahy | Radom\u00edr a Petra Noskovi | Hradec Kr\u00e1lov\u00e9","isPartOf":{"@id":"https:\/\/www.eeg-biofeedback-hradec.cz\/poradna\/#website"},"datePublished":"2017-02-17T17:46:26+00:00","dateModified":"2017-02-17T17:46:26+00:00","breadcrumb":{"@id":"http:\/\/www.eeg-biofeedback-hradec.cz\/poradna\/vyuka-a-prakticke-vyuziti-relaxacnich-technik\/#breadcrumb"},"inLanguage":"cs","potentialAction":[{"@type":"ReadAction","target":["http:\/\/www.eeg-biofeedback-hradec.cz\/poradna\/vyuka-a-prakticke-vyuziti-relaxacnich-technik\/"]}]},{"@type":"BreadcrumbList","@id":"http:\/\/www.eeg-biofeedback-hradec.cz\/poradna\/vyuka-a-prakticke-vyuziti-relaxacnich-technik\/#breadcrumb","itemListElement":[{"@type":"ListItem","position":1,"name":"Dom\u016f","item":"https:\/\/www.eeg-biofeedback-hradec.cz\/poradna\/"},{"@type":"ListItem","position":2,"name":"V\u00fduka a praktick\u00e9 vyu\u017eit\u00ed relaxa\u010dn\u00edch technik"}]}]}},"_links":{"self":[{"href":"http:\/\/www.eeg-biofeedback-hradec.cz\/poradna\/wp-json\/wp\/v2\/pages\/44"}],"collection":[{"href":"http:\/\/www.eeg-biofeedback-hradec.cz\/poradna\/wp-json\/wp\/v2\/pages"}],"about":[{"href":"http:\/\/www.eeg-biofeedback-hradec.cz\/poradna\/wp-json\/wp\/v2\/types\/page"}],"author":[{"embeddable":true,"href":"http:\/\/www.eeg-biofeedback-hradec.cz\/poradna\/wp-json\/wp\/v2\/users\/1"}],"replies":[{"embeddable":true,"href":"http:\/\/www.eeg-biofeedback-hradec.cz\/poradna\/wp-json\/wp\/v2\/comments?post=44"}],"version-history":[{"count":1,"href":"http:\/\/www.eeg-biofeedback-hradec.cz\/poradna\/wp-json\/wp\/v2\/pages\/44\/revisions"}],"predecessor-version":[{"id":45,"href":"http:\/\/www.eeg-biofeedback-hradec.cz\/poradna\/wp-json\/wp\/v2\/pages\/44\/revisions\/45"}],"wp:attachment":[{"href":"http:\/\/www.eeg-biofeedback-hradec.cz\/poradna\/wp-json\/wp\/v2\/media?parent=44"}],"curies":[{"name":"wp","href":"https:\/\/api.w.org\/{rel}","templated":true}]}}