{"id":81,"date":"2017-02-21T14:51:38","date_gmt":"2017-02-21T13:51:38","guid":{"rendered":"http:\/\/www.eeg-biofeedback-hradec.cz\/poradna\/?page_id=81"},"modified":"2022-02-01T13:06:01","modified_gmt":"2022-02-01T12:06:01","slug":"kontakt","status":"publish","type":"page","link":"http:\/\/www.eeg-biofeedback-hradec.cz\/poradna\/kontakt\/","title":{"rendered":"Kontakt"},"content":{"rendered":"<p><strong>Radom\u00edr Nosek<\/strong><br \/>\n<strong> Poradna pro osobn\u00ed a rodinn\u00e9 vztahy<\/strong><br \/>\nI\u010c: 66272335<\/p>\n<h2>KDE N\u00c1S NAJDETE<\/h2>\n<p><strong>Adresa:<\/strong><br \/>\n<strong>Budova Fomei &#8211;\u00a0<a href=\"https:\/\/goo.gl\/maps\/KR6BFCw7UdMfytQv7\" target=\"_blank\" rel=\"noopener\">MAPA GOOGLE<\/a>\u00a0<\/strong><br \/>\nMachkova 587\/42<br \/>\n500 11 Hradec Kr\u00e1lov\u00e9<\/p>\n<p>Na\u0161e poradna se nach\u00e1z\u00ed ve 2. pat\u0159e budovy Fomei, v lev\u00e9 chodb\u011b, naproti v\u00fdtahu. S orientac\u00ed v budov\u011b, V\u00e1m pom\u016f\u017ee vr\u00e1tn\u00fd u vchodu a sm\u011brov\u00e1 cedule \u017elut\u00e9 slunce.<\/p>\n<h2>KDY M\u00c1ME OTEV\u0158ENO<\/h2>\n<p class=\"Standard\"><strong>\u010casy terapi\u00ed<\/strong> (po p\u0159edchoz\u00edm objedn\u00e1n\u00ed)<\/p>\n<ul>\n<li>PO-\u010cT\u00a0 9:00 &#8211; 17:00<\/li>\n<li>d\u00e9lka terapie je 90 minut<\/li>\n<\/ul>\n<h2>KONTAKTY A REZERVACE TERM\u00cdN\u016e<\/h2>\n<p><strong>Telefon a objedn\u00e1n\u00ed na terapie:<\/strong> 602 116 318<br \/>\n<strong>Email:<\/strong> <a href=\"mailto:biofeedbackhk@seznam.cz\">biofeedbackhk@seznam.cz<\/a><br \/>\n<strong>Web:<\/strong> <a href=\"http:\/\/www.eeg-biofeedback-hradec.cz\">www.eeg-biofeedback-hradec.cz<\/a><\/p>\n<div role=\"form\" class=\"wpcf7\" id=\"wpcf7-f110-o1\" lang=\"cs-CZ\" dir=\"ltr\">\n<div class=\"screen-reader-response\"><p role=\"status\" aria-live=\"polite\" aria-atomic=\"true\"><\/p> <ul><\/ul><\/div>\n<form action=\"\/poradna\/wp-json\/wp\/v2\/pages\/81#wpcf7-f110-o1\" method=\"post\" class=\"wpcf7-form init\" novalidate=\"novalidate\" data-status=\"init\">\n<div style=\"display: none;\">\n<input type=\"hidden\" name=\"_wpcf7\" value=\"110\" \/>\n<input type=\"hidden\" name=\"_wpcf7_version\" value=\"5.5.3\" \/>\n<input type=\"hidden\" name=\"_wpcf7_locale\" value=\"cs_CZ\" \/>\n<input type=\"hidden\" name=\"_wpcf7_unit_tag\" value=\"wpcf7-f110-o1\" \/>\n<input type=\"hidden\" name=\"_wpcf7_container_post\" value=\"0\" \/>\n<input type=\"hidden\" name=\"_wpcf7_posted_data_hash\" value=\"\" \/>\n<\/div>\n<p><label> Va\u0161e jm\u00e9no (vy\u017eadov\u00e1no)<br \/>\n    <span class=\"wpcf7-form-control-wrap your-name\"><input type=\"text\" name=\"your-name\" value=\"\" size=\"40\" class=\"wpcf7-form-control wpcf7-text wpcf7-validates-as-required\" aria-required=\"true\" aria-invalid=\"false\" \/><\/span> <\/label><\/p>\n<p><label> V\u00e1\u0161 e-mail (vy\u017eadov\u00e1no)<br \/>\n    <span class=\"wpcf7-form-control-wrap your-email\"><input type=\"email\" name=\"your-email\" value=\"\" size=\"40\" class=\"wpcf7-form-control wpcf7-text wpcf7-email wpcf7-validates-as-required wpcf7-validates-as-email\" aria-required=\"true\" aria-invalid=\"false\" \/><\/span> <\/label><\/p>\n<p><label> P\u0159edm\u011bt<br \/>\n    <span class=\"wpcf7-form-control-wrap your-subject\"><input type=\"text\" name=\"your-subject\" value=\"\" size=\"40\" class=\"wpcf7-form-control wpcf7-text\" aria-invalid=\"false\" \/><\/span> <\/label><\/p>\n<p><label> Va\u0161e zpr\u00e1va<br \/>\n    <span class=\"wpcf7-form-control-wrap your-message\"><textarea name=\"your-message\" cols=\"40\" rows=\"10\" class=\"wpcf7-form-control wpcf7-textarea\" aria-invalid=\"false\"><\/textarea><\/span> <\/label><\/p>\n<p><input type=\"submit\" value=\"Odeslat\" class=\"wpcf7-form-control has-spinner wpcf7-submit\" \/><\/p>\n<div class=\"wpcf7-response-output\" aria-hidden=\"true\"><\/div><\/form><\/div>\n","protected":false},"excerpt":{"rendered":"Radom\u00edr Nosek Poradna pro osobn\u00ed a rodinn\u00e9 vztahy I\u010c: 66272335 KDE N\u00c1S NAJDETE Adresa: Budova Fomei &#8211;\u00a0MAPA GOOGLE\u00a0 Machkova 587\/42 500 11 Hradec Kr\u00e1lov\u00e9 Na\u0161e poradna se nach\u00e1z\u00ed ve 2. pat\u0159e budovy Fomei, v lev\u00e9 chodb\u011b, naproti v\u00fdtahu. S orientac\u00ed v budov\u011b, V\u00e1m pom\u016f\u017ee vr\u00e1tn\u00fd u vchodu a sm\u011brov\u00e1 cedule \u017elut\u00e9 slunce. KDY M\u00c1ME OTEV\u0158ENO&#8230; <a class=\"view-article\" href=\"http:\/\/www.eeg-biofeedback-hradec.cz\/poradna\/kontakt\/\">View Article<\/a>","protected":false},"author":1,"featured_media":0,"parent":0,"menu_order":0,"comment_status":"closed","ping_status":"closed","template":"","meta":[],"acf":[],"yoast_head":"<!-- This site is optimized with the Yoast SEO plugin v17.7.1 - https:\/\/yoast.com\/wordpress\/plugins\/seo\/ -->\n<meta name=\"robots\" content=\"index, follow, max-snippet:-1, max-image-preview:large, max-video-preview:-1\" \/>\n<link rel=\"canonical\" href=\"http:\/\/www.eeg-biofeedback-hradec.cz\/poradna\/kontakt\/\" \/>\n<meta property=\"og:locale\" content=\"cs_CZ\" \/>\n<meta property=\"og:type\" content=\"article\" \/>\n<meta property=\"og:title\" content=\"Kontakt - Poradna pro osobn\u00ed a rodinn\u00e9 vztahy | Radom\u00edr a Petra Noskovi | Hradec Kr\u00e1lov\u00e9\" \/>\n<meta property=\"og:description\" content=\"Radom\u00edr Nosek Poradna pro osobn\u00ed a rodinn\u00e9 vztahy I\u010c: 66272335 KDE N\u00c1S NAJDETE Adresa: Budova Fomei &#8211;\u00a0MAPA GOOGLE\u00a0 Machkova 587\/42 500 11 Hradec Kr\u00e1lov\u00e9 Na\u0161e poradna se nach\u00e1z\u00ed ve 2. pat\u0159e budovy Fomei, v lev\u00e9 chodb\u011b, naproti v\u00fdtahu. S orientac\u00ed v budov\u011b, V\u00e1m pom\u016f\u017ee vr\u00e1tn\u00fd u vchodu a sm\u011brov\u00e1 cedule \u017elut\u00e9 slunce. KDY M\u00c1ME OTEV\u0158ENO... View Article\" \/>\n<meta property=\"og:url\" content=\"http:\/\/www.eeg-biofeedback-hradec.cz\/poradna\/kontakt\/\" \/>\n<meta property=\"og:site_name\" content=\"Poradna pro osobn\u00ed a rodinn\u00e9 vztahy | Radom\u00edr a Petra Noskovi | Hradec Kr\u00e1lov\u00e9\" \/>\n<meta property=\"article:modified_time\" content=\"2022-02-01T12:06:01+00:00\" \/>\n<meta name=\"twitter:card\" content=\"summary_large_image\" \/>\n<meta name=\"twitter:label1\" content=\"Odhadovan\u00e1 doba \u010dten\u00ed\" \/>\n\t<meta name=\"twitter:data1\" content=\"1 minuta\" \/>\n<script type=\"application\/ld+json\" class=\"yoast-schema-graph\">{\"@context\":\"https:\/\/schema.org\",\"@graph\":[{\"@type\":\"WebSite\",\"@id\":\"https:\/\/www.eeg-biofeedback-hradec.cz\/poradna\/#website\",\"url\":\"https:\/\/www.eeg-biofeedback-hradec.cz\/poradna\/\",\"name\":\"Poradna pro osobn\\u00ed a rodinn\\u00e9 vztahy | Radom\\u00edr a Petra Noskovi | Hradec Kr\\u00e1lov\\u00e9\",\"description\":\"\",\"potentialAction\":[{\"@type\":\"SearchAction\",\"target\":{\"@type\":\"EntryPoint\",\"urlTemplate\":\"https:\/\/www.eeg-biofeedback-hradec.cz\/poradna\/?s={search_term_string}\"},\"query-input\":\"required name=search_term_string\"}],\"inLanguage\":\"cs\"},{\"@type\":\"WebPage\",\"@id\":\"http:\/\/www.eeg-biofeedback-hradec.cz\/poradna\/kontakt\/#webpage\",\"url\":\"http:\/\/www.eeg-biofeedback-hradec.cz\/poradna\/kontakt\/\",\"name\":\"Kontakt - Poradna pro osobn\\u00ed a rodinn\\u00e9 vztahy | Radom\\u00edr a Petra Noskovi | Hradec Kr\\u00e1lov\\u00e9\",\"isPartOf\":{\"@id\":\"https:\/\/www.eeg-biofeedback-hradec.cz\/poradna\/#website\"},\"datePublished\":\"2017-02-21T13:51:38+00:00\",\"dateModified\":\"2022-02-01T12:06:01+00:00\",\"breadcrumb\":{\"@id\":\"http:\/\/www.eeg-biofeedback-hradec.cz\/poradna\/kontakt\/#breadcrumb\"},\"inLanguage\":\"cs\",\"potentialAction\":[{\"@type\":\"ReadAction\",\"target\":[\"http:\/\/www.eeg-biofeedback-hradec.cz\/poradna\/kontakt\/\"]}]},{\"@type\":\"BreadcrumbList\",\"@id\":\"http:\/\/www.eeg-biofeedback-hradec.cz\/poradna\/kontakt\/#breadcrumb\",\"itemListElement\":[{\"@type\":\"ListItem\",\"position\":1,\"name\":\"Dom\\u016f\",\"item\":\"https:\/\/www.eeg-biofeedback-hradec.cz\/poradna\/\"},{\"@type\":\"ListItem\",\"position\":2,\"name\":\"Kontakt\"}]}]}<\/script>\n<!-- \/ Yoast SEO plugin. -->","yoast_head_json":{"robots":{"index":"index","follow":"follow","max-snippet":"max-snippet:-1","max-image-preview":"max-image-preview:large","max-video-preview":"max-video-preview:-1"},"canonical":"http:\/\/www.eeg-biofeedback-hradec.cz\/poradna\/kontakt\/","og_locale":"cs_CZ","og_type":"article","og_title":"Kontakt - Poradna pro osobn\u00ed a rodinn\u00e9 vztahy | Radom\u00edr a Petra Noskovi | Hradec Kr\u00e1lov\u00e9","og_description":"Radom\u00edr Nosek Poradna pro osobn\u00ed a rodinn\u00e9 vztahy I\u010c: 66272335 KDE N\u00c1S NAJDETE Adresa: Budova Fomei &#8211;\u00a0MAPA GOOGLE\u00a0 Machkova 587\/42 500 11 Hradec Kr\u00e1lov\u00e9 Na\u0161e poradna se nach\u00e1z\u00ed ve 2. pat\u0159e budovy Fomei, v lev\u00e9 chodb\u011b, naproti v\u00fdtahu. S orientac\u00ed v budov\u011b, V\u00e1m pom\u016f\u017ee vr\u00e1tn\u00fd u vchodu a sm\u011brov\u00e1 cedule \u017elut\u00e9 slunce. KDY M\u00c1ME OTEV\u0158ENO... View Article","og_url":"http:\/\/www.eeg-biofeedback-hradec.cz\/poradna\/kontakt\/","og_site_name":"Poradna pro osobn\u00ed a rodinn\u00e9 vztahy | Radom\u00edr a Petra Noskovi | Hradec Kr\u00e1lov\u00e9","article_modified_time":"2022-02-01T12:06:01+00:00","twitter_card":"summary_large_image","twitter_misc":{"Odhadovan\u00e1 doba \u010dten\u00ed":"1 minuta"},"schema":{"@context":"https:\/\/schema.org","@graph":[{"@type":"WebSite","@id":"https:\/\/www.eeg-biofeedback-hradec.cz\/poradna\/#website","url":"https:\/\/www.eeg-biofeedback-hradec.cz\/poradna\/","name":"Poradna pro osobn\u00ed a rodinn\u00e9 vztahy | Radom\u00edr a Petra Noskovi | Hradec Kr\u00e1lov\u00e9","description":"","potentialAction":[{"@type":"SearchAction","target":{"@type":"EntryPoint","urlTemplate":"https:\/\/www.eeg-biofeedback-hradec.cz\/poradna\/?s={search_term_string}"},"query-input":"required name=search_term_string"}],"inLanguage":"cs"},{"@type":"WebPage","@id":"http:\/\/www.eeg-biofeedback-hradec.cz\/poradna\/kontakt\/#webpage","url":"http:\/\/www.eeg-biofeedback-hradec.cz\/poradna\/kontakt\/","name":"Kontakt - Poradna pro osobn\u00ed a rodinn\u00e9 vztahy | Radom\u00edr a Petra Noskovi | Hradec Kr\u00e1lov\u00e9","isPartOf":{"@id":"https:\/\/www.eeg-biofeedback-hradec.cz\/poradna\/#website"},"datePublished":"2017-02-21T13:51:38+00:00","dateModified":"2022-02-01T12:06:01+00:00","breadcrumb":{"@id":"http:\/\/www.eeg-biofeedback-hradec.cz\/poradna\/kontakt\/#breadcrumb"},"inLanguage":"cs","potentialAction":[{"@type":"ReadAction","target":["http:\/\/www.eeg-biofeedback-hradec.cz\/poradna\/kontakt\/"]}]},{"@type":"BreadcrumbList","@id":"http:\/\/www.eeg-biofeedback-hradec.cz\/poradna\/kontakt\/#breadcrumb","itemListElement":[{"@type":"ListItem","position":1,"name":"Dom\u016f","item":"https:\/\/www.eeg-biofeedback-hradec.cz\/poradna\/"},{"@type":"ListItem","position":2,"name":"Kontakt"}]}]}},"_links":{"self":[{"href":"http:\/\/www.eeg-biofeedback-hradec.cz\/poradna\/wp-json\/wp\/v2\/pages\/81"}],"collection":[{"href":"http:\/\/www.eeg-biofeedback-hradec.cz\/poradna\/wp-json\/wp\/v2\/pages"}],"about":[{"href":"http:\/\/www.eeg-biofeedback-hradec.cz\/poradna\/wp-json\/wp\/v2\/types\/page"}],"author":[{"embeddable":true,"href":"http:\/\/www.eeg-biofeedback-hradec.cz\/poradna\/wp-json\/wp\/v2\/users\/1"}],"replies":[{"embeddable":true,"href":"http:\/\/www.eeg-biofeedback-hradec.cz\/poradna\/wp-json\/wp\/v2\/comments?post=81"}],"version-history":[{"count":7,"href":"http:\/\/www.eeg-biofeedback-hradec.cz\/poradna\/wp-json\/wp\/v2\/pages\/81\/revisions"}],"predecessor-version":[{"id":132,"href":"http:\/\/www.eeg-biofeedback-hradec.cz\/poradna\/wp-json\/wp\/v2\/pages\/81\/revisions\/132"}],"wp:attachment":[{"href":"http:\/\/www.eeg-biofeedback-hradec.cz\/poradna\/wp-json\/wp\/v2\/media?parent=81"}],"curies":[{"name":"wp","href":"https:\/\/api.w.org\/{rel}","templated":true}]}}