{"id":35,"date":"2017-02-17T14:26:37","date_gmt":"2017-02-17T13:26:37","guid":{"rendered":"http:\/\/www.eeg-biofeedback-hradec.cz\/eeg\/?page_id=35"},"modified":"2017-02-17T14:26:37","modified_gmt":"2017-02-17T13:26:37","slug":"komu-a-kde-eeg-biofeedback-pomaha","status":"publish","type":"page","link":"https:\/\/www.eeg-biofeedback-hradec.cz\/eeg\/komu-a-kde-eeg-biofeedback-pomaha\/","title":{"rendered":"Komu a kde EEG Biofeedback pom\u00e1h\u00e1 ?"},"content":{"rendered":"<p>Typick\u00fdmi klienty EEG Biofeedbacku jsou d\u011bti s poruchami u\u010den\u00ed a chov\u00e1n\u00ed. <strong>Obvykle p\u0159ich\u00e1zej\u00ed<\/strong> velmi zklaman\u00e9 sebou sam\u00fdmi, proto\u017ee jejich \u00fasil\u00ed nevedlo k dobr\u00fdm zn\u00e1mk\u00e1m a \u00fasp\u011bchu v kolektivu. <strong>Proto ned\u00edlnou sou\u010d\u00e1st\u00ed tr\u00e9ninku je pr\u00e1ce s psychikou d\u00edt\u011bte.<\/strong><\/p>\n<p>\u010casto \u0159\u00edk\u00e1me d\u011btem:<br \/>\n<strong>,,Kdy\u017e tr\u00e9nuje\u0161, je to jako kdy\u017e si naost\u0159\u00ed\u0161 tu\u017eku, ale ps\u00e1t u\u017e s n\u00ed mus\u00ed\u0161 Ty.\u201c<\/strong><br \/>\nEEG Biofeedback <strong>nen\u00ed automat<\/strong>, ze kter\u00e9ho vypadne zdrav\u00e9 d\u00edt\u011b \u010di dosp\u011bl\u00ed. <strong>Spolupr\u00e1ce cel\u00e9 rodiny je d\u016fle\u017eit\u00e1:<\/strong> podpora, povzbuzen\u00ed, ochota n\u011bkter\u00e9 v\u011bci a n\u00e1vyky v \u017eivot\u011b zm\u011bnit, z\u00e1jem rodi\u010d\u016f o to, co se s d\u00edt\u011btem d\u011bje a co ve sv\u00e9 situaci m\u016f\u017ee pro\u017e\u00edvat&#8230;<\/p>\n<p>Tak\u00e9 \u0161kola je <strong>nezanedbateln\u00fd \u010dl\u00e1nek<\/strong> v r\u00e1mci spolupr\u00e1ce. D\u00edt\u011b v n\u00ed tr\u00e1v\u00ed hodn\u011b sv\u00e9ho \u010dasu a z\u00edsk\u00e1v\u00e1 nejen v\u011bdomosti, ale i ur\u010dit\u00e9 vzory chov\u00e1n\u00ed i obrazy o sob\u011b sam\u00e9m. U\u010ditel\u00e9 by m\u011bli o jeho disfunkci v\u011bd\u011bt a b\u00fdt pou\u010deni, jak s takov\u00fdm d\u00edt\u011btem pracovat, aby pod tlakem neztr\u00e1celo zdrav\u00e9 <strong>sebev\u011bdom\u00ed, d\u016fv\u011bru a svou d\u016fstojnost&#8230;<\/strong>Toto u n\u00e1s \u0159e\u0161\u00edme \u010dasto. Je nutnost\u00ed a p\u0159edpokladem k jeho v\u00fdvoji, aby mu byly d\u00e1ny takov\u00e9 <strong>podm\u00ednky, ve kter\u00fdch je schopn\u00e9 se sv\u00fdmi pot\u00ed\u017eemi u\u010dit klidn\u011b, bez v\u00fd\u010ditek a v bezpe\u010dn\u00e9m p\u0159ijet\u00ed.<\/strong> Jedin\u011b takto m\u016f\u017ee r\u016fst a rozv\u00edjet se p\u0159irozen\u00fdm zp\u016fsobem.<\/p>\n<p>N\u00e1\u0161 mozek je <strong>pru\u017en\u00fd a cel\u00fd \u017eivot schopn\u00fd u\u010dit se<\/strong> nov\u00e9 v\u011bci. St\u00e1le dor\u016fstaj\u00ed spoje, tzv. synapse (v d\u011btstv\u00ed rychleji, v dosp\u011blosti pomaleji), proto je mo\u017en\u00e9 a p\u0159\u00ednosn\u00e9 tr\u00e9novat v jak\u00e9mkoli v\u011bku.<\/p>\n<p><strong>Dosp\u011bl\u00ed<\/strong> nej\u010dast\u011bji p\u0159ich\u00e1zej\u00ed pro zlep\u0161en\u00ed <strong>pam\u011bti<\/strong> (nap\u0159\u00edklad u\u010d\u00ed-li se jazyky, nastupuj\u00ed do nov\u00e9 pr\u00e1ce&#8230;), <strong>s poruchami sp\u00e1nku a us\u00edn\u00e1n\u00ed, sn\u00ed\u017een\u00ed hladiny stresu&#8230;<\/strong><br \/>\nTr\u00e9nuj\u00ed tak\u00e9 lid\u00e9 po <strong>mozkov\u00e9 mrtvici, \u00farazech, operac\u00edch, epileptici&#8230; i studenti<\/strong> p\u0159ed zkou\u0161kov\u00fdm obdob\u00edm, p\u0159ij\u00edma\u010dkami..<\/p>\n<p>Tr\u00e9novat se m\u016f\u017ee i mozek \u00fapln\u011b <strong>zdrav\u00fd<\/strong> \u2013 toho vyu\u017e\u00edvaj\u00ed nejv\u00edce sportovci, pro lep\u0161\u00ed a rychlej\u0161\u00ed post\u0159eh, sn\u00ed\u017een\u00ed tr\u00e9my a vnit\u0159n\u00ed uvoln\u011bn\u00ed.<br \/>\nObecn\u011b tr\u00e9nuj\u00ed lid\u00e9, kte\u0159\u00ed pot\u0159ebuj\u00ed zv\u00fd\u0161it sv\u016fj celkov\u00fd v\u00fdkon, i ti, kte\u0159\u00ed jsou fyzicky nebo du\u0161evn\u011b p\u0159et\u00ed\u017eeni.<\/p>\n<h2>Nej\u010dast\u011bji BFB \u0159e\u0161\u00ed:<\/h2>\n<ul>\n<li>poruchy pozornosti, soust\u0159ed\u011bn\u00ed, ADD, ADHD (d\u0159\u00edve LMD)<\/li>\n<li>speci\u00e1ln\u00ed poruchy u\u010den\u00ed: dyslexie, dysgrafie, dyskalkulie, pot\u00ed\u017ee s \u0159e\u010d\u00ed a v\u00fdslovnost\u00ed atd.<\/li>\n<li>pam\u011b\u0165, stres, nap\u011bt\u00ed, deprese<\/li>\n<li>\u00fazkostn\u00e9 a panick\u00e9 poruchy<\/li>\n<li>poruchy sp\u00e1nku, no\u010dn\u00ed d\u011bsy a pomo\u010dov\u00e1n\u00ed<\/li>\n<li>tr\u00e9ma a nap\u011bt\u00ed p\u0159ed v\u00fdkonem<\/li>\n<li>z\u00e1vislosti psychick\u00e9 i fyzick\u00e9<\/li>\n<li>posttraumatickou stresovou poruchu<\/li>\n<li>\u00fanavov\u00fd syndrom<\/li>\n<li>motorick\u00e9 pot\u00ed\u017ee<\/li>\n<li>po\u00farazov\u00e9 komplikace, nap\u0159\u00edklad tramatick\u00e1 poran\u011bn\u00ed mozku, rehabilitace po mozkov\u00e9 mrtvici&#8230;<\/li>\n<li>premenstrua\u010dn\u00ed syndrom, menopausa<\/li>\n<li>bolesti hlavy, migr\u00e9ny<\/li>\n<li>alergie, anorexie, bul\u00edmie<\/li>\n<li>a dal\u0161\u00ed<\/li>\n<\/ul>\n","protected":false},"excerpt":{"rendered":"Typick\u00fdmi klienty EEG Biofeedbacku jsou d\u011bti s poruchami u\u010den\u00ed a chov\u00e1n\u00ed. Obvykle p\u0159ich\u00e1zej\u00ed velmi zklaman\u00e9 sebou sam\u00fdmi, proto\u017ee jejich \u00fasil\u00ed nevedlo k dobr\u00fdm zn\u00e1mk\u00e1m a \u00fasp\u011bchu v kolektivu. Proto ned\u00edlnou sou\u010d\u00e1st\u00ed tr\u00e9ninku je pr\u00e1ce s psychikou d\u00edt\u011bte. \u010casto \u0159\u00edk\u00e1me d\u011btem: ,,Kdy\u017e tr\u00e9nuje\u0161, je to jako kdy\u017e si naost\u0159\u00ed\u0161 tu\u017eku, ale ps\u00e1t u\u017e s n\u00ed mus\u00ed\u0161&#8230; <a class=\"view-article\" href=\"https:\/\/www.eeg-biofeedback-hradec.cz\/eeg\/komu-a-kde-eeg-biofeedback-pomaha\/\">View Article<\/a>","protected":false},"author":1,"featured_media":0,"parent":0,"menu_order":0,"comment_status":"closed","ping_status":"closed","template":"","meta":[],"acf":[],"yoast_head":"<!-- This site is optimized with the Yoast SEO plugin v17.7.1 - https:\/\/yoast.com\/wordpress\/plugins\/seo\/ -->\n<meta name=\"robots\" content=\"index, follow, max-snippet:-1, max-image-preview:large, max-video-preview:-1\" \/>\n<link rel=\"canonical\" href=\"http:\/\/www.eeg-biofeedback-hradec.cz\/eeg\/komu-a-kde-eeg-biofeedback-pomaha\/\" \/>\n<meta property=\"og:locale\" content=\"cs_CZ\" \/>\n<meta property=\"og:type\" content=\"article\" \/>\n<meta property=\"og:title\" content=\"Komu a kde EEG Biofeedback pom\u00e1h\u00e1 ? - EEG Biofeedback Hradec Kr\u00e1lov\u00e9\" \/>\n<meta property=\"og:description\" content=\"Typick\u00fdmi klienty EEG Biofeedbacku jsou d\u011bti s poruchami u\u010den\u00ed a chov\u00e1n\u00ed. Obvykle p\u0159ich\u00e1zej\u00ed velmi zklaman\u00e9 sebou sam\u00fdmi, proto\u017ee jejich \u00fasil\u00ed nevedlo k dobr\u00fdm zn\u00e1mk\u00e1m a \u00fasp\u011bchu v kolektivu. Proto ned\u00edlnou sou\u010d\u00e1st\u00ed tr\u00e9ninku je pr\u00e1ce s psychikou d\u00edt\u011bte. \u010casto \u0159\u00edk\u00e1me d\u011btem: ,,Kdy\u017e tr\u00e9nuje\u0161, je to jako kdy\u017e si naost\u0159\u00ed\u0161 tu\u017eku, ale ps\u00e1t u\u017e s n\u00ed mus\u00ed\u0161... View Article\" \/>\n<meta property=\"og:url\" content=\"http:\/\/www.eeg-biofeedback-hradec.cz\/eeg\/komu-a-kde-eeg-biofeedback-pomaha\/\" \/>\n<meta property=\"og:site_name\" content=\"EEG Biofeedback Hradec Kr\u00e1lov\u00e9\" \/>\n<meta name=\"twitter:card\" content=\"summary_large_image\" \/>\n<meta name=\"twitter:label1\" content=\"Odhadovan\u00e1 doba \u010dten\u00ed\" \/>\n\t<meta name=\"twitter:data1\" content=\"3 minuty\" \/>\n<script type=\"application\/ld+json\" class=\"yoast-schema-graph\">{\"@context\":\"https:\/\/schema.org\",\"@graph\":[{\"@type\":\"WebSite\",\"@id\":\"https:\/\/www.eeg-biofeedback-hradec.cz\/eeg\/#website\",\"url\":\"https:\/\/www.eeg-biofeedback-hradec.cz\/eeg\/\",\"name\":\"EEG Biofeedback Hradec Kr\\u00e1lov\\u00e9\",\"description\":\"\",\"potentialAction\":[{\"@type\":\"SearchAction\",\"target\":{\"@type\":\"EntryPoint\",\"urlTemplate\":\"https:\/\/www.eeg-biofeedback-hradec.cz\/eeg\/?s={search_term_string}\"},\"query-input\":\"required name=search_term_string\"}],\"inLanguage\":\"cs\"},{\"@type\":\"WebPage\",\"@id\":\"http:\/\/www.eeg-biofeedback-hradec.cz\/eeg\/komu-a-kde-eeg-biofeedback-pomaha\/#webpage\",\"url\":\"http:\/\/www.eeg-biofeedback-hradec.cz\/eeg\/komu-a-kde-eeg-biofeedback-pomaha\/\",\"name\":\"Komu a kde EEG Biofeedback pom\\u00e1h\\u00e1 ? - EEG Biofeedback Hradec Kr\\u00e1lov\\u00e9\",\"isPartOf\":{\"@id\":\"https:\/\/www.eeg-biofeedback-hradec.cz\/eeg\/#website\"},\"datePublished\":\"2017-02-17T13:26:37+00:00\",\"dateModified\":\"2017-02-17T13:26:37+00:00\",\"breadcrumb\":{\"@id\":\"http:\/\/www.eeg-biofeedback-hradec.cz\/eeg\/komu-a-kde-eeg-biofeedback-pomaha\/#breadcrumb\"},\"inLanguage\":\"cs\",\"potentialAction\":[{\"@type\":\"ReadAction\",\"target\":[\"http:\/\/www.eeg-biofeedback-hradec.cz\/eeg\/komu-a-kde-eeg-biofeedback-pomaha\/\"]}]},{\"@type\":\"BreadcrumbList\",\"@id\":\"http:\/\/www.eeg-biofeedback-hradec.cz\/eeg\/komu-a-kde-eeg-biofeedback-pomaha\/#breadcrumb\",\"itemListElement\":[{\"@type\":\"ListItem\",\"position\":1,\"name\":\"Dom\\u016f\",\"item\":\"https:\/\/www.eeg-biofeedback-hradec.cz\/eeg\/\"},{\"@type\":\"ListItem\",\"position\":2,\"name\":\"Komu a kde EEG Biofeedback pom\\u00e1h\\u00e1 ?\"}]}]}<\/script>\n<!-- \/ Yoast SEO plugin. -->","yoast_head_json":{"robots":{"index":"index","follow":"follow","max-snippet":"max-snippet:-1","max-image-preview":"max-image-preview:large","max-video-preview":"max-video-preview:-1"},"canonical":"http:\/\/www.eeg-biofeedback-hradec.cz\/eeg\/komu-a-kde-eeg-biofeedback-pomaha\/","og_locale":"cs_CZ","og_type":"article","og_title":"Komu a kde EEG Biofeedback pom\u00e1h\u00e1 ? - EEG Biofeedback Hradec Kr\u00e1lov\u00e9","og_description":"Typick\u00fdmi klienty EEG Biofeedbacku jsou d\u011bti s poruchami u\u010den\u00ed a chov\u00e1n\u00ed. Obvykle p\u0159ich\u00e1zej\u00ed velmi zklaman\u00e9 sebou sam\u00fdmi, proto\u017ee jejich \u00fasil\u00ed nevedlo k dobr\u00fdm zn\u00e1mk\u00e1m a \u00fasp\u011bchu v kolektivu. Proto ned\u00edlnou sou\u010d\u00e1st\u00ed tr\u00e9ninku je pr\u00e1ce s psychikou d\u00edt\u011bte. \u010casto \u0159\u00edk\u00e1me d\u011btem: ,,Kdy\u017e tr\u00e9nuje\u0161, je to jako kdy\u017e si naost\u0159\u00ed\u0161 tu\u017eku, ale ps\u00e1t u\u017e s n\u00ed mus\u00ed\u0161... View Article","og_url":"http:\/\/www.eeg-biofeedback-hradec.cz\/eeg\/komu-a-kde-eeg-biofeedback-pomaha\/","og_site_name":"EEG Biofeedback Hradec Kr\u00e1lov\u00e9","twitter_card":"summary_large_image","twitter_misc":{"Odhadovan\u00e1 doba \u010dten\u00ed":"3 minuty"},"schema":{"@context":"https:\/\/schema.org","@graph":[{"@type":"WebSite","@id":"https:\/\/www.eeg-biofeedback-hradec.cz\/eeg\/#website","url":"https:\/\/www.eeg-biofeedback-hradec.cz\/eeg\/","name":"EEG Biofeedback Hradec Kr\u00e1lov\u00e9","description":"","potentialAction":[{"@type":"SearchAction","target":{"@type":"EntryPoint","urlTemplate":"https:\/\/www.eeg-biofeedback-hradec.cz\/eeg\/?s={search_term_string}"},"query-input":"required name=search_term_string"}],"inLanguage":"cs"},{"@type":"WebPage","@id":"http:\/\/www.eeg-biofeedback-hradec.cz\/eeg\/komu-a-kde-eeg-biofeedback-pomaha\/#webpage","url":"http:\/\/www.eeg-biofeedback-hradec.cz\/eeg\/komu-a-kde-eeg-biofeedback-pomaha\/","name":"Komu a kde EEG Biofeedback pom\u00e1h\u00e1 ? - EEG Biofeedback Hradec Kr\u00e1lov\u00e9","isPartOf":{"@id":"https:\/\/www.eeg-biofeedback-hradec.cz\/eeg\/#website"},"datePublished":"2017-02-17T13:26:37+00:00","dateModified":"2017-02-17T13:26:37+00:00","breadcrumb":{"@id":"http:\/\/www.eeg-biofeedback-hradec.cz\/eeg\/komu-a-kde-eeg-biofeedback-pomaha\/#breadcrumb"},"inLanguage":"cs","potentialAction":[{"@type":"ReadAction","target":["http:\/\/www.eeg-biofeedback-hradec.cz\/eeg\/komu-a-kde-eeg-biofeedback-pomaha\/"]}]},{"@type":"BreadcrumbList","@id":"http:\/\/www.eeg-biofeedback-hradec.cz\/eeg\/komu-a-kde-eeg-biofeedback-pomaha\/#breadcrumb","itemListElement":[{"@type":"ListItem","position":1,"name":"Dom\u016f","item":"https:\/\/www.eeg-biofeedback-hradec.cz\/eeg\/"},{"@type":"ListItem","position":2,"name":"Komu a kde EEG Biofeedback pom\u00e1h\u00e1 ?"}]}]}},"_links":{"self":[{"href":"https:\/\/www.eeg-biofeedback-hradec.cz\/eeg\/wp-json\/wp\/v2\/pages\/35"}],"collection":[{"href":"https:\/\/www.eeg-biofeedback-hradec.cz\/eeg\/wp-json\/wp\/v2\/pages"}],"about":[{"href":"https:\/\/www.eeg-biofeedback-hradec.cz\/eeg\/wp-json\/wp\/v2\/types\/page"}],"author":[{"embeddable":true,"href":"https:\/\/www.eeg-biofeedback-hradec.cz\/eeg\/wp-json\/wp\/v2\/users\/1"}],"replies":[{"embeddable":true,"href":"https:\/\/www.eeg-biofeedback-hradec.cz\/eeg\/wp-json\/wp\/v2\/comments?post=35"}],"version-history":[{"count":1,"href":"https:\/\/www.eeg-biofeedback-hradec.cz\/eeg\/wp-json\/wp\/v2\/pages\/35\/revisions"}],"predecessor-version":[{"id":36,"href":"https:\/\/www.eeg-biofeedback-hradec.cz\/eeg\/wp-json\/wp\/v2\/pages\/35\/revisions\/36"}],"wp:attachment":[{"href":"https:\/\/www.eeg-biofeedback-hradec.cz\/eeg\/wp-json\/wp\/v2\/media?parent=35"}],"curies":[{"name":"wp","href":"https:\/\/api.w.org\/{rel}","templated":true}]}}