{"id":47,"date":"2017-02-17T15:28:44","date_gmt":"2017-02-17T14:28:44","guid":{"rendered":"http:\/\/www.eeg-biofeedback-hradec.cz\/eeg\/?page_id=47"},"modified":"2023-04-18T09:35:25","modified_gmt":"2023-04-18T08:35:25","slug":"ohlasy-na-eeg-biofeedback","status":"publish","type":"page","link":"https:\/\/www.eeg-biofeedback-hradec.cz\/eeg\/ohlasy-na-eeg-biofeedback\/","title":{"rendered":"Ohlasy na EEG Biofeedback"},"content":{"rendered":"<h2>P\u0159e\u010dt\u011bte si ohlasy na metodu EEG Biofeedback od na\u0161ich klient\u016f:<\/h2>\n<p class=\"fancy-border-radius\"><em>\u201eTouto cestou bych cht\u011bla pod\u011bkovat panu Dr. Noskovi a zvl\u00e1\u0161t\u011b pan\u00ed Mikuleck\u00e9, kter\u00e1 se v\u011bnuje pr\u00e1ci s biofeedbackem.<br \/>\nKdy\u017e se m\u00e9mu synovi v roce 2019 stala nehoda na motorce a po t\u011b\u017ek\u00fdch operac\u00edch v hradeck\u00e9 nemocnici mi tamn\u00ed l\u00e9ka\u0159i p\u0159edpov\u00eddali, \u017ee l\u00e9\u010den\u00ed bude dlouh\u00e9 a n\u00e1ro\u010dn\u00e9 pro syna , ale i pro celou na\u0161\u00ed rodinu ,brala jsem to trochu na lehkou v\u00e1hu. Postupem \u010dasu jsem si uv\u011bdomovala, \u017ee m\u011bli pravdu a tak jsem se sna\u017eila b\u00fdt synovi oporou a hledala v\u0161echny mo\u017en\u00e9 cesty, kter\u00e9 by mu na cest\u011b k zotaven\u00ed pomohly. Michal m\u011bl pol\u00e1man\u00e9 ob\u011b nohy dost t\u011b\u017ece. Z toho tak\u00e9 vyplynula mozkov\u00e1 embolie. N\u011bkolik m\u011bs\u00edc\u016f na l\u016f\u017eku zp\u016fsobilo ochablost cel\u00e9ho t\u011bla. Embolie zanechala n\u00e1sledky hlavn\u011b na \u0159e\u010di a pam\u011bti.<br \/>\nCestoval po rehabilita\u010dn\u00edch za\u0159\u00edzen\u00edch a tam jsme se prvn\u011b dozv\u011bd\u011bli o <strong>biofeedbacku<\/strong>. P\u0159i hled\u00e1n\u00ed na internetu se na n\u00e1s \u0161t\u011bst\u00ed usm\u00e1lo a pracovi\u0161t\u011b v Hradci Kr\u00e1lov\u00e9 na n\u00e1s vykouklo jako prvn\u00ed. U\u017e p\u0159i prvn\u00ed n\u00e1v\u0161t\u011bv\u011b jsme c\u00edtili, \u017ee to byla spr\u00e1vn\u00e1 volba. Vst\u0159\u00edcn\u00fd p\u0159\u00edstup pan\u00ed Mikuleck\u00e9 n\u00e1m v\u017edy hned po dlouh\u00e9 cest\u011b zlep\u0161il n\u00e1ladu. Tato \u017eena m\u00e1 v\u017edy pochopen\u00ed a tak\u00e9 \u00fasm\u011bv na tv\u00e1\u0159i. P\u0159i prvn\u00ed n\u00e1v\u0161t\u011bv\u011b n\u00e1m v\u0161e dopodrobna vysv\u011btlila.<br \/>\nTato metoda pro n\u00e1s ze za\u010d\u00e1tku byla trochu nepochopiteln\u00e1 a <strong>chvilku trvalo, ne\u017e jsme uv\u011b\u0159ili, \u017ee funguje<\/strong>. Ale v\u00fdsledky se dostavili, podle m\u011b, u\u017e po prvn\u00edch deseti sezen\u00edch. M\u00ed\u0161a se zklidnil, <strong>za\u010dala se mu zlep\u0161ovat \u0159e\u010d a i vyjad\u0159ov\u00e1n\u00ed<\/strong>. V prvn\u00ed s\u00e9rii jsme je\u0161t\u011b pou\u017e\u00edvali invalidn\u00ed voz\u00edk. Pak jsme n\u00e1v\u0161t\u011bvy p\u0159eru\u0161ili kv\u016fli pobytu v R\u00da a pot\u00e9 jsme znovu pokra\u010dovali. Absolvoval dal\u0161\u00edch 20 n\u00e1v\u0161t\u011bv a <strong>velice se zlep\u0161ila jeho rovnov\u00e1ha<\/strong>. Nyn\u00ed to budou 3 roky od \u00farazu a on chod\u00ed o berl\u00edch a <strong>d\u00edky biofeedbacku p\u0159ejde po byt\u011b<\/strong> i bez nich. V budoucnu ur\u010dit\u011b pl\u00e1nujeme dal\u0161\u00ed n\u00e1v\u0161t\u011bvy, proto\u017ee n\u00e1s tyto <strong>pokroky p\u0159esv\u011bd\u010dily o tom, \u017ee to opravdu funguje<\/strong>. Nejen, \u017ee M\u00ed\u0161ovi se zlep\u0161ilo v\u0161e, co jsem napsala v\u00fd\u0161e, ale nesm\u00edrn\u011b mu pomohl tak\u00e9 p\u0159\u00edstup pan\u00ed Mikuleck\u00e9, kter\u00e1 m\u00e1 v\u017edy pro ka\u017ed\u00e9ho dobr\u00e9 slovo a pochopen\u00ed. Na tomhle pracovi\u0161ti pracuj\u00ed lid\u00e9 s velk\u00fdm srdcem a to, \u017ee maj\u00ed k dispozici takhle skv\u011blou techniku, to je dohromady <strong>to nejlep\u0161\u00ed, co n\u00e1s mohlo potkat<\/strong>. D\u011bkujeme za v\u0161e a t\u011b\u0161\u00edme se p\u0159\u00ed\u0161t\u011b.\u201c<br \/>\nIvona \u0160vecov\u00e1 a syn, Michal \u0160vec.<\/em><\/p>\n<hr \/>\n<p class=\"fancy-border-radius\"><em>\u201ePetr byl velmi <strong>neklidn\u00fd<\/strong> a <strong>neposedn\u00fd<\/strong>, m\u011bl <strong>pot\u00ed\u017ee se \u0161kolou i v dru\u017ein\u011b<\/strong>, nosil <strong>pozn\u00e1mky<\/strong>, \u017ee vyru\u0161uje a \u017ee se t\u011b\u017eko zvl\u00e1d\u00e1.<\/em><br \/>\n<em>S EEG BFB jsme za\u010dali ke konci druh\u00e9 t\u0159\u00eddy. <strong>V\u00fdrazn\u00e9 zlep\u0161en\u00ed pozornosti a soust\u0159ed\u011bn\u00ed a hlavn\u011b celkov\u00e9 uklidn\u011bn\u00ed<\/strong> jsme zaznamenali na p\u0159elomu pr\u00e1zdnin.<\/em><br \/>\n<em>Petr je po 40 hodin\u00e1ch tr\u00e9ninku daleko <strong>klidn\u011bj\u0161\u00ed a l\u00e9pe se soust\u0159ed\u00ed.<\/strong> Za\u010d\u00edn\u00e1 si s\u00e1m pro sebe <strong>\u010d\u00edst<\/strong>. D\u0159\u00edve pro n\u011bho bylo \u010dten\u00ed utrpen\u00edm a \u010detl jen z donucen\u00ed.<\/em><br \/>\n<em><strong>Mnohem l\u00e9pe se s n\u00edm komunikuje<\/strong>. V\u0161e v\u011bt\u0161inou prob\u00edh\u00e1 klidn\u011b, bez vztek\u00e1n\u00ed a zvy\u0161ov\u00e1n\u00ed hlasu.<\/em><br \/>\n<em><strong>Chov\u00e1n\u00ed i prosp\u011bch je podle t\u0159\u00eddn\u00ed u\u010ditelky v\u00fdrazn\u011b lep\u0161\u00ed.<\/strong> Petr je mnohem samostatn\u011bj\u0161\u00ed a m\u00e1 v\u00edce kamar\u00e1d\u016f. Chci man\u017eel\u016f Noskov\u00fdm moc a moc pod\u011bkovat.\u201c<\/em><\/p>\n<hr \/>\n<p class=\"fancy-border-radius\"><em>\u201eDo st\u0159ediska EEG Biofeedbacku jsem p\u0159ivedla sv\u00e9ho syna Martina v 9 letech. Byla u n\u011bho prok\u00e1z\u00e1na <strong>dyslexie<\/strong> <strong>a<\/strong> <strong>dysortografie<\/strong> a asi rok se l\u00e9\u010dil na neurologii jako <strong>epileptik<\/strong>. Martin byl <strong>unaven\u00fd, ospal\u00fd, neklidn\u00fd<\/strong> a naprosto <strong>apatick\u00fd<\/strong> a to nejen ve \u0161kole, ale i doma. Zhor\u0161en\u00ed prosp\u011bchu ho vedlo k tomu, \u017ee za\u010dal odm\u00edtat chodit do \u0161koly.<\/em><br \/>\n<em>Na z\u00e1klad\u011b n\u00e1hodn\u011b p\u0159e\u010dten\u00e9ho \u010dl\u00e1nku v novin\u00e1ch jsem vyhledala st\u0159edisko <strong>EEG BFB<\/strong>. Martin za\u010dal chodit pravideln\u011b na sezen\u00ed a proto\u017ee nedostal ani l\u00e9ky, ani injekce a vlastn\u011b si jenom hr\u00e1l na po\u010d\u00edta\u010di, tak ho to zaujalo. V\u00fdhodou t\u00e9to metody je to, \u017ee okam\u017eit\u011b vid\u011bl, jak se mu da\u0159\u00ed a proto\u017ee je sout\u011b\u017eiv\u00fd typ, tak cht\u011bl zv\u00edt\u011bzit. Nau\u010dil se postupn\u011b koncentrovat a soust\u0159edit se na pr\u00e1ci.<\/em><br \/>\n<em><strong>Odezva ve \u0161kole byla okam\u017eit\u00e1.<\/strong> Ve \u010dtvrtlet\u00ed se <strong>zlep\u0161il<\/strong> a p\u0159estaly st\u00ed\u017enosti na nez\u00e1jem a apatii z jeho strany. V t\u00e9to chv\u00edli m\u011bl Martin za sebou asi 20 sezen\u00ed. Je pravda, \u017ee ho po ur\u010dit\u00e9 dob\u011b st\u00e1le stejn\u00fd program p\u0159estal bavit, ale t\u00edm, \u017ee cht\u011bl dos\u00e1hnout st\u00e1le lep\u0161\u00edch v\u00fdsledk\u016f a obt\u00ed\u017enost se st\u00e1le zv\u011bt\u0161ovala, vytrval a\u017e do konce a prod\u011blal 40 sezen\u00ed.<\/em><br \/>\n<em>Hodnocen\u00ed ze \u0161koly p\u0159ed pololet\u00edm bylo <strong>fantastick\u00e9<\/strong>. Nebylo u\u010ditele, kter\u00fd by s n\u00edm m\u011bl n\u011bjak\u00e9 probl\u00e9my. A <strong>v\u00fdsledky v u\u010den\u00ed tomu odpov\u00eddaly.<\/strong><\/em><br \/>\n<em><strong>Nezn\u00e1m v\u011bt\u0161\u00ed radost v \u017eivot\u011b, ne\u017e kdy\u017e se d\u00edt\u011bti da\u0159\u00ed a je spokojen\u00e9.<\/strong><\/em><br \/>\n<em>Moje uzn\u00e1n\u00ed pat\u0159\u00ed v\u00e1m v\u0161em, kte\u0159\u00ed jste se na t\u00e9to metod\u011b n\u011bjak\u00fdm zp\u016fsobem pod\u00edleli a p\u0159edev\u0161\u00edm pan\u00ed MUDr. Noskov\u00e9 a panu Noskovi, kte\u0159\u00ed jsou pr\u016fkopn\u00edci t\u00e9to metody v Hradci Kr\u00e1lov\u00e9.\u201c<\/em><\/p>\n<hr \/>\n<p class=\"fancy-border-radius\"><em>\u201eJeden\u00e1ctilet\u00fd syn Petr byl v 7 letech diagnostikov\u00e1n v pedagogicko psychologick\u00e9 poradn\u011b jako <strong>dysgrafik<\/strong> a v 8 letech jako <strong>dyskalkulik<\/strong>. Jeho pot\u00ed\u017ee byly p\u0159edev\u0161\u00edm ve velmi kr\u00e1tk\u00e9 dob\u011b soust\u0159ed\u011bn\u00ed, rychl\u00e9 \u00fanav\u011b. Psal bu\u010f zcela ne\u010diteln\u011b nebo se soust\u0159edil na grafiku, ale unikal mu smysl slov. <strong>Nebyl schopen opsat text<\/strong> z tabule nebo z knihy, vynech\u00e1val p\u00edsmena. Ve \u0161kole \u010dasto \u201eodpo\u010d\u00edval\u201c \u2013 hled\u011bl z okna bez z\u00e1jmu o to, co se d\u011bje ve t\u0159\u00edd\u011b.<\/em><br \/>\n<em>Velk\u00fd probl\u00e9my n\u00e1m d\u011blala dom\u00e1c\u00ed p\u0159\u00edprava. K <strong>\u00fanav\u011b<\/strong> ze \u0161koly se p\u0159idala obrovsk\u00e1 <strong>nechu\u0165<\/strong> za\u010d\u00edt pracovat doma. Dom\u00e1c\u00ed p\u0159\u00edprava n\u00e1m trvala ka\u017ed\u00fd den minim\u00e1ln\u011b dv\u011b hodiny s nutn\u00fdmi p\u0159est\u00e1vkami, kdy jsme u n\u011bho museli sed\u011bt, aby se soust\u0159edil.<\/em><br \/>\n<em>Pokud bychom v\u0161ak dom\u00e1c\u00ed p\u0159\u00edprav\u011b nev\u011bnovali pozornost, Petr by z\u0159ejm\u011b tempo u\u010diva v b\u011b\u017en\u00e9 z\u00e1kladn\u00ed \u0161kole nezvl\u00e1dl.<\/em><br \/>\n<em>Zm\u011bny u syna jsme za\u010dali pozorovat po 30 sezen\u00edch. Celkem absolvoval 40 sezen\u00ed. Zv\u00fd\u0161ila se doba jeho <strong>soust\u0159ed\u011bn\u00ed<\/strong> a t\u00edm mu p\u0159\u00edprava netrvala tak dlouho. Je <strong>samostatn\u011bj\u0161\u00ed<\/strong>, p\u0159iprav\u00ed si dom\u00e1c\u00ed \u00fakol ne\u017e p\u0159ijdeme z pr\u00e1ce, co\u017e d\u0159\u00edve odm\u00edtal slovy: \u201e\u00dakol je t\u011b\u017ek\u00fd, to nezvl\u00e1dnu.\u201c K dom\u00e1c\u00ed p\u0159\u00edprav\u011b p\u0159istupuje <strong>aktivn\u011b<\/strong>, zvl\u00e1\u0161t\u011b kdy\u017e v\u00ed, \u017ee pak se m\u016f\u017ee v\u011bnovat sv\u00fdm z\u00e1jm\u016fm. Um\u00ed \u201ezapnout\u201c, pr\u00e1ce n\u00e1m jde od ruky, nemus\u00edme u n\u011bho celou dobu sed\u011bt, soust\u0159ed\u011bn\u00ed udr\u017e\u00ed. Je i ochotn\u011bj\u0161\u00ed s pomoc\u00ed s dom\u00e1c\u00edmi pracemi.<\/em><br \/>\n<em><strong>Psan\u00ed se zlep\u0161ilo<\/strong> v tom, \u017ee pokud nen\u00ed v \u010dasov\u00e9 t\u00edsni, p\u00ed\u0161e \u010diteln\u011b a bez vynech\u00e1v\u00e1n\u00ed p\u00edsmen, text op\u00ed\u0161e bez v\u011bt\u0161\u00edch chyb. Lze \u0159\u00edci, \u017ee mu <strong>zdrav\u011b vzrostlo sebev\u011bdom\u00ed<\/strong>. Nep\u0159ij\u00edm\u00e1 pasivn\u011b n\u00e1zory jin\u00fdch, p\u0159em\u00fd\u0161l\u00ed, a pokud m\u00e1 jin\u00fd n\u00e1zor na v\u011bc, pou\u0161t\u00ed se do diskus\u00ed.<\/em><br \/>\n<em><strong>Absolvov\u00e1n\u00ed tr\u00e9ninku u syna hodnot\u00edme jako p\u0159\u00ednosn\u00e9.\u201c<\/strong><\/em><\/p>\n<hr \/>\n<p class=\"fancy-border-radius\"><em><strong>\u201eMirek se zlep\u0161il hlavn\u011b ve \u0161kole<\/strong>, u\u010ditelky ho p\u0159i lednov\u00fdch t\u0159\u00eddn\u00edch sch\u016fzk\u00e1ch chv\u00e1lili. D\u00e9le udr\u017e\u00ed pozornost, d\u0159\u00edve si nosil se\u0161ity dom\u016f na p\u0159episov\u00e1n\u00ed toho, co nestihnul ve \u0161kole, nyn\u00ed se to st\u00e1v\u00e1 pouze v\u00fdjime\u010dn\u011b, nejv\u00edc se zlep\u0161il asi v angli\u010dtin\u011b a matematice.<\/em><br \/>\n<em>Co se t\u00fdk\u00e1 cukrovky, nem\u011bl na ni tr\u00e9nink \u017e\u00e1dn\u00fd vliv.<\/em><br \/>\n<em>Uklidn\u011bn\u00ed v chov\u00e1 se projevilo hlavn\u011b ve \u0161kole, doma moc ne.<\/em><br \/>\n<em>Na vysv\u011bd\u010den\u00ed m\u011bl 5 trojek, loni byl z jazyk\u016f hodnocen pouze slovn\u011b, nyn\u00ed pan\u00ed u\u010ditelka \u0159\u00edkala, \u017ee si trojku skute\u010dn\u011b zaslou\u017e\u00ed, \u017ee nen\u00ed p\u0159ilep\u0161en\u00e1. Tak\u017ee si <strong>zlep\u0161il i prosp\u011bch.<\/strong><\/em><br \/>\n<em><strong>V noci sp\u00ed dob\u0159e.<\/strong> Od malinka byl nespavec, zlep\u0161ilo se to, kdy\u017e si za\u010dal p\u00edchat inzul\u00edn. Nyn\u00ed se to zlep\u0161ilo je\u0161t\u011b v\u00edce v tom, \u017ee d\u0159\u00edve us\u00edn\u00e1.\u201c<\/em><\/p>\n<hr \/>\n<p class=\"fancy-border-radius\"><em>\u201ePavel byl od sv\u00e9ho narozen\u00ed velmi <strong>neklidn\u00e9 a labiln\u00ed d\u00edt\u011b<\/strong>. Pl\u00e1\u010d se u n\u011bho \u010dasto st\u0159\u00eddal se z\u00e1chvaty zlosti a vzteku. Na druh\u00e9 stran\u011b byl velice bystr\u00fd a \u0161ikovn\u00fd.<\/em><br \/>\n<em>Ve sv\u00fdch 7 letech onemocn\u011bl virovou encefalitidou. Pr\u016fb\u011bh nemoci byl netypick\u00fd a jeho stav byl velice v\u00e1\u017en\u00fd. D\u00edky v\u00fdborn\u00e9 p\u00e9\u010di l\u00e9ka\u0159\u016f a sester na infek\u010dn\u00edm odd\u011blen\u00ed v Praze na Bulovce se Pavel brzy uzdravil a po nemoci mu nez\u016fstaly \u017e\u00e1dn\u00e9 n\u00e1sledky. Prvn\u00ed a\u017e t\u0159et\u00ed ro\u010dn\u00edk z\u00e1kladn\u00ed \u0161koly absolvovat dob\u0159e. Ve \u010dtvrt\u00e9 t\u0159\u00edd\u011b se ov\u0161em objevily prvn\u00ed probl\u00e9my. V\u00fdrazn\u011b se zhor\u0161il v pravopise a tak\u00e9 ve \u010dten\u00ed. Za\u010dal nosit prvn\u00ed \u010dty\u0159ky a p\u011btky. V ostatn\u00edch p\u0159edm\u011btech dosahoval st\u00e1le dobr\u00fdch v\u00fdsledk\u016f, hlavn\u011b v matematice.<\/em><br \/>\n<em>V t\u00e9to dob\u011b jsme doj\u00ed\u017ed\u011bli na EEG BFB k man\u017eel\u016fm Noskov\u00fdm do Hradce Kr\u00e1lov\u00e9 s na\u0161\u00ed nejmlad\u0161\u00ed dcerou. Pavl\u00edka jsme za\u010dali br\u00e1t s sebou. Po 20 sezen\u00edch se u n\u011bho <strong>zlep\u0161ilo \u010dten\u00ed<\/strong>. Po dal\u0161\u00edch sezen\u00edch se za\u010daly objevovat <strong>lep\u0161\u00ed zn\u00e1mky<\/strong> z dikt\u00e1t\u016f a Pavel se celkov\u011b zklidnil. V ostatn\u00edch p\u0159edm\u011btech se <strong>zlep\u0161ilo soust\u0159ed\u011bn\u00ed<\/strong>. Pavel se <strong>do \u0161koly<\/strong> za\u010dal <strong>t\u011b\u0161it<\/strong>. Na konci p\u00e1t\u00e9 t\u0159\u00eddy m\u011bl sam\u00e9 jedni\u010dky.<\/em><br \/>\n<em>P\u0159estupu na druh\u00fd stupe\u0148 jsme se p\u0159esto trochu ob\u00e1vali. Hlavn\u011b po zku\u0161enostech s jeho star\u0161\u00edm bratrem. Na\u0161e obavy v\u0161ak byly zbyte\u010dn\u00e9. Pavel se s nov\u00fdmi u\u010diteli i p\u0159edm\u011bty vyrovnal v\u00fdte\u010dn\u011b.<\/em><br \/>\n<em><strong>Dos\u00e1hl \u00fasp\u011bch\u016f i ve sportu.<\/strong> K na\u0161emu \u00fadivu se za\u010dal zaj\u00edmat o rychlostn\u00ed kanoistiku. Tady jsou schopnost soust\u0159edn\u00ed a udr\u017een\u00ed stability obzvl\u00e1\u0161\u0165 d\u016fle\u017eit\u00e9. Za ka\u017ed\u00e9 zav\u00e1h\u00e1n\u00ed se zaplat\u00ed okam\u017eitou koupel\u00ed ve studen\u00e9 vod\u011b, p\u0159\u00edpadn\u011b prohran\u00fdm z\u00e1vodem.<\/em><br \/>\n<em><strong>P\u0159estaly tak\u00e9 z\u00e1chvaty zlosti.<\/strong> Pavel si u\u017e dok\u00e1\u017ee sv\u00e9 ob\u010dasn\u00e9 ne\u00fasp\u011bchy vy\u0159e\u0161it s\u00e1m.\u201c<\/em><\/p>\n<hr \/>\n<h2>Zku\u0161enosti s EEG Biofeedbackem z v\u00fdzkumu v \u010cR:<\/h2>\n<p>Po 10 sezen\u00edch:<\/p>\n<p class=\"fancy-border-radius\"><em>\u201eTe\u010f se l\u00e9pe soust\u0159ed\u00edm na \u010dten\u00ed v hlu\u010dn\u00e9m prost\u0159ed\u00ed. Dok\u00e1\u017eu si lidi ztlumit a soust\u0159edit se. D\u0159\u00edv jsem m\u011bla hor\u0161\u00ed zn\u00e1mky kv\u016fli tomu, \u017ee jsme si n\u011b\u010deho v zad\u00e1n\u00ed nev\u0161imla, v matice d\u011blala numerick\u00e9 chyby &#8211; te\u010f je to lep\u0161\u00ed ne\u017e d\u0159\u00edv. Nov\u00e9 mo\u017enosti: pan u\u010ditel na v\u00fdtvarku mi \u0159ekl, \u017ee m\u00e1m talent na kreslen\u00ed, p\u0159edt\u00edm jsem nic takov\u00e9ho nem\u011bla. Imunitn\u00ed syst\u00e9m: ned\u00e1vno jsem m\u011bla velk\u00fd ka\u0161el, bronchitidu, a za p\u00e1r dn\u00ed m\u011b to samo p\u0159e\u0161lo (norm\u00e1ln\u011b bych byla 1-2 t\u00fddny doma a s l\u00e9ky).\u201c<\/em><br \/>\nStudentka, 14 let, porucha pozornosti + poruchy u\u010den\u00ed<\/p>\n<hr \/>\n<p>Stav p\u0159ed zah\u00e1jen\u00edm l\u00e9\u010dby:<\/p>\n<p class=\"fancy-border-radius\"><em>\u201eObvykle r\u00e1no m\u011bl \u0161patnou a\u017e agresivn\u00ed n\u00e1ladu. Kv\u016fli ka\u017ed\u00e9 mali\u010dkosti se rozplakal. V noci m\u011bl no\u010dn\u00ed m\u016fry, plakal, mluvil ze span\u00ed, drkotal zuby a p\u0159evaloval se celou noc. Poruchy v tempu \u0159e\u010di.\u201e<\/em><\/p>\n<p>Stav po 30 sezen\u00edch:<\/p>\n<p class=\"fancy-border-radius\"><em>\u201eVelk\u00e9 zlep\u0161en\u00ed po v\u0161ech str\u00e1nk\u00e1ch. V noci sp\u00ed klidn\u011b a\u017e na mal\u00e9 v\u00fdjimky. M\u00e1 ke v\u0161emu znateln\u011b pozitivn\u011bj\u0161\u00ed p\u0159\u00edstup. \u0158e\u010d se zlep\u0161ila.<\/em><br \/>\n<em>M\u00e1me vypozorov\u00e1no, \u017ee po del\u0161\u00edm p\u0159eru\u0161en\u00ed doch\u00e1zky na &#8222;Brainfeedback&#8220; se \u0159e\u010d v\u00fdrazn\u011b zhor\u0161uje a po op\u011btn\u00e9 pravideln\u00e9 doch\u00e1zce se zlep\u0161uje.\u201c<br \/>\n<\/em>Rodi\u010de 8 let\u00e9ho chlapce, dg epilepsie + porucha \u0159e\u010di<br \/>\n<em>\u201eJe to z\u00e1zrak!\u201c<\/em><br \/>\nD\u011bde\u010dek<\/p>\n<hr \/>\n<p>Po cca 20 sezen\u00edch:<\/p>\n<p class=\"fancy-border-radius\"><em>\u201eZlep\u0161il se v\u00fdkon m\u00e9ho mozku &#8211; st\u00edh\u00e1m toho v\u00edc. Kdy\u017e z\u00e1kazn\u00edk vid\u00ed chybu, m\u016fj mozek hned v\u00ed, co by s t\u00edm mohlo b\u00fdt.<\/em><br \/>\n<em>Zlep\u0161ilo se psan\u00ed &#8211; d\u0159\u00edve jsem psal jen hesla, nyn\u00ed souvisl\u00fd text. P\u00ed\u0161u na kl\u00e1vesnici v\u0161emi deseti &#8211; d\u0159\u00edve dv\u011bma.<\/em><br \/>\n<em>M\u00e1m m\u00e9n\u011b probl\u00e9m\u016f s pravopisem. D\u0159\u00edve jsem p\u0159i kontrole nach\u00e1zel a\u017e 50% p\u0159eklep\u016f, te\u010f p\u016fl procentas.<\/em><br \/>\n<em>Zrychlilo se mi \u010dten\u00ed.<\/em><br \/>\n<em>Zlep\u0161ila se mi pam\u011b\u0165 &#8211; jak zapamatov\u00e1n\u00ed v\u011bt\u0161\u00edch celk\u016f, tak v\u00fdbavnost.<\/em><br \/>\n<em>Zlep\u0161ila se kombina\u010dn\u00ed schopnost.<\/em><br \/>\n<em>Zlep\u0161ily se automatick\u00e9 reakce p\u0159i \u0159\u00edzen\u00ed auta a soust\u0159ed\u011bn\u00ed p\u0159i \u0159\u00edzen\u00ed.<\/em><br \/>\n<em>Z\u00edsk\u00e1v\u00e1m zak\u00e1zky, o kter\u00fdch se mi ani nesnilo &#8211; d\u0159\u00edv jsem neum\u011bl prodat.<\/em><br \/>\n<em>P\u00ed\u0161u knihu o 1 \u010dipov\u00fdch po\u010d\u00edta\u010d\u00edch.\u201c<\/em><br \/>\nPodnikatel, 25 let, z d\u011btstv\u00ed dysgrafie, dyslexie, porucha pozornosti.<\/p>\n<hr \/>\n<p class=\"fancy-border-radius\"><em>\u201eJi\u017e po prvn\u00ed p\u016flhodinov\u00e9 aplikaci jsem zaznamenala zna\u010dnou \u00falevu. V sou\u010dasn\u00e9 dob\u011b jsem po \u010dtvrt\u00e9 aplikaci a mus\u00edm p\u0159iznat, \u017ee se mi zlep\u0161ila koncentrace, sp\u00e1nek (sp\u00edm jako za mlada), p\u00edsmo, snadn\u011bji komunikuji s lidmi, zd\u00e1 se mi tak\u00e9, \u017ee se zlep\u0161il i zrak. Ale co nejv\u00edce m\u011b pomohlo. M\u011bla jsem v t\u00e9 dob\u011b pr\u00e1v\u011b p\u0159i prvn\u00ed n\u00e1v\u0161t\u011bv\u011b bolesti p\u00e1te\u0159e s n\u00e1slednou par\u00e9zou do lev\u00e9 nohy. I v tomto sm\u011bru jsem poc\u00edtila zna\u010dnou \u00falevu.\u201c<\/em><br \/>\n\u00da\u0159ednice, 57 let, porucha pozornosti s hyperaktivitou<\/p>\n<hr \/>\n<p class=\"fancy-border-radius\"><em>\u201eBiofeedback je v\u00fdborn\u00e1 v\u011bc a v\u00fdborn\u011b se p\u0159i tom relaxuje. P\u016fsob\u00ed to na m\u011b dob\u0159e. Uvol\u0148uji se takhle: zav\u0159u o\u010di a sna\u017e\u00edm se znehybnit t\u011blo. Ve \u0161kole, kdy\u017e se m\u011b sna\u017e\u00ed spolu\u017e\u00e1ci nal\u00e1kat do n\u011bjak\u00e9 rva\u010dky, p\u0159em\u00fd\u0161l\u00edm, jestli tam m\u00e1m j\u00edt nebo ne &#8211; ale v\u017edycky vyhraje to ne.\u201e<\/em><br \/>\nChlapec, 13 let, porucha pozornosti + chov\u00e1n\u00ed, hrozilo p\u0159e\u0159azen\u00ed do zvl\u00e1\u0161tn\u00ed \u0161koly.<\/p>\n<p class=\"fancy-border-radius\"><em>\u201eDok\u00e1\u017ee se ve \u0161kole soust\u0159edit. Chov\u00e1n\u00ed a prosp\u011bch ve \u0161kole se za\u010d\u00edn\u00e1 lep\u0161it. Chov\u00e1n\u00ed podle u\u010ditel\u016f se zlep\u0161ilo, nenech\u00e1 se vyprovokovat, je klidn\u011bj\u0161\u00ed. V prosp\u011bchu se zlep\u0161il &#8211; zvl\u00e1\u0161t\u011b v n\u011bkter\u00fdch p\u0159edm\u011btech (zem\u011bpis). Hlavn\u00ed zlep\u0161en\u00ed je vid\u011bt v interakci v kolektivu. Zlep\u0161en\u00ed je z\u0159eteln\u00e9 i p\u0159i r\u016fzn\u00fdch ne\u0161koln\u00edch \u010dinnostech, d\u0159\u00edve se vydr\u017eel soust\u0159edit na ur\u010ditou \u010dinnost minuty, dnes hodiny. Dok\u00e1\u017ee se pro n\u011bco nadchnout a d\u011blat to perfektn\u011b.\u201c<\/em><br \/>\nJeho otec.<\/p>\n<hr \/>\n<p>Po \u010dty\u0159m\u011bs\u00ed\u010dn\u00ed terapii jedenkr\u00e1t t\u00fddn\u011b:<\/p>\n<p class=\"fancy-border-radius\"><em>\u201ePozorujeme, \u017ee se J. d\u00e9le a l\u00e9pe soust\u0159e\u010fuje p\u0159i \u0159e\u0161en\u00ed dom\u00e1c\u00edch \u00fakol\u016f, to se projevuje i u \u010dten\u00ed. D\u00e9le a rychleji \u010dte nahlas a kdy\u017e si \u010dte sama, vydr\u017e\u00ed s knihou d\u00e9le.<\/em><br \/>\n<em>Lep\u0161\u00ed soust\u0159ed\u011bn\u00ed se projevuje i p\u0159i po\u010d\u00edt\u00e1n\u00ed, \u0159e\u0161\u00ed n\u011bkolik p\u0159\u00edklad\u016f n\u00e1soben\u00ed nebo d\u011blen\u00ed v\u00edcecifern\u00fdch \u010d\u00edsel plynule a bez chyb.<\/em><br \/>\n<em>Je uvoln\u011bn\u011bj\u0161\u00ed, m\u00e1 lep\u0161\u00ed n\u00e1ladu, zd\u00e1 se n\u00e1m, \u017ee n\u011bkter\u00e9 v\u011bci si tolik nep\u0159ipou\u0161t\u00ed jako d\u0159\u00edve.<\/em><br \/>\n<em>Zlep\u0161en\u00ed je vid\u011bt i ve srozumitelnosti a plynulosti \u0159e\u010di, co\u017e potvrdila i logopedka. Podle jej\u00edho vyj\u00e1d\u0159en\u00ed se j\u00ed zd\u00e1 Jitka p\u0159i n\u00e1v\u0161t\u011bv\u011b klidn\u011bj\u0161\u00ed, bez v\u00fdrazn\u00fdch ru\u0161iv\u00fdch pohyb\u016f.<\/em><br \/>\n<em>Po 15 sezen\u00edch se poprv\u00e9 v \u017eivot\u011b bez pomoci posadila, postavila.\u201c<\/em><br \/>\nRodi\u010de 11 let\u00e9 d\u00edvky, dg. D\u011btsk\u00e1 mozkov\u00e1 obrna, kvadruparezn\u00ed forma s dyskinetick\u00fdm syndromem.<\/p>\n<hr \/>\n<p class=\"fancy-border-radius\"><em>Touto cestou bych cht\u011bla pod\u011bkovat panu Dr. Noskovi a zvl\u00e1\u0161t\u011b pan\u00ed Mikuleck\u00e9 , kter\u00e1 se v\u011bnuje pr\u00e1ci s biofeedbackem.<\/em><br \/>\n<em>Kdy\u017e se m\u00e9mu synovi v roce 2019 stala <strong>nehoda na motorce a po t\u011b\u017ek\u00fdch operac\u00edch<\/strong> v hradeck\u00e9 nemocnici mi tamn\u00ed l\u00e9ka\u0159i p\u0159edpov\u00eddali, \u017ee l\u00e9\u010den\u00ed bude dlouh\u00e9 a n\u00e1ro\u010dn\u00e9 pro syna , ale i pro celou na\u0161\u00ed rodinu ,brala jsem to trochu na lehkou v\u00e1hu. Postupem \u010dasu jsem si uv\u011bdomovala, \u017ee m\u011bli pravdu a tak jsem se sna\u017eila b\u00fdt synovi oporou a hledala v\u0161echny mo\u017en\u00e9 cesty , kter\u00e9 by mu na cest\u011b k zotaven\u00ed pomohly.<\/em><br \/>\n<em>Michal m\u011bl pol\u00e1man\u00e9 ob\u011b nohy dost t\u011b\u017ece .Z toho tak\u00e9 vyplynula<strong> mozkov\u00e1 embolie<\/strong>. N\u011bkolik m\u011bs\u00edc\u016f na l\u016f\u017eku zp\u016fsobilo ochablost cel\u00e9ho t\u011bla. <strong>Embolie zanechala n\u00e1sledky hlavn\u011b na \u0159e\u010di a pam\u011bti<\/strong> .Cestoval po rehabilita\u010dn\u00edch za\u0159\u00edzen\u00edch a tam jsme se prvn\u011b dozv\u011bd\u011bli o biofeedbacku. P\u0159i hled\u00e1n\u00ed na internetu se na n\u00e1s \u0161t\u011bst\u00ed usm\u00e1lo a pracovi\u0161t\u011b v Hradci Kr\u00e1lov\u00e9 na n\u00e1s vykouklo jako prvn\u00ed.<\/em><br \/>\n<em>U\u017e p\u0159i prvn\u00ed n\u00e1v\u0161t\u011bv\u011b jsme c\u00edtili ,\u017ee to byla spr\u00e1vn\u00e1 volba. Vst\u0159\u00edcn\u00fd p\u0159\u00edstup pan\u00ed Mikuleck\u00e9 n\u00e1m v\u017edy hned po dlouh\u00e9 cest\u011b zlep\u0161il n\u00e1ladu .Tato \u017eena m\u00e1 v\u017edy pochopen\u00ed a tak\u00e9 \u00fasm\u011bv na tv\u00e1\u0159i. P\u0159i prvn\u00ed n\u00e1v\u0161t\u011bv\u011b n\u00e1m v\u0161e dopodrobna vysv\u011btlila .<\/em><br \/>\n<em>Tato metoda pro n\u00e1s ze za\u010d\u00e1tku byla trochu nepochopiteln\u00e1 a chvilku trvalo , ne\u017e jsme uv\u011b\u0159ili, \u017ee funguje. Ale v\u00fdsledky se dostavili, podle m\u011b ,u\u017e po prvn\u00edch deseti sezen\u00edch. M\u00ed\u0161a se zklidnil , za\u010dala se mu zlep\u0161ovat \u0159e\u010d a i vyjad\u0159ov\u00e1n\u00ed. V prvn\u00ed s\u00e9rii jsme je\u0161t\u011b pou\u017e\u00edvali invalidn\u00ed voz\u00edk. Pak jsme n\u00e1v\u0161t\u011bvy p\u0159eru\u0161ili kv\u016fli pobytu v R\u00da a pot\u00e9 jsme znovu pokra\u010dovali .Absolvoval dal\u0161\u00edch 20 n\u00e1v\u0161t\u011bv a velice se zlep\u0161ila jeho rovnov\u00e1ha. Nyn\u00ed to budou 3 roky od \u00farazu a on chod\u00ed o berl\u00edch a d\u00edky biofeedbacku p\u0159ejde po byt\u011b i bez nich. V budoucnu ur\u010dit\u011b pl\u00e1nujeme dal\u0161\u00ed n\u00e1v\u0161t\u011bvy, proto\u017ee n\u00e1s tyto pokroky p\u0159esv\u011bd\u010dily o tom, \u017ee to opravdu funguje. Nejen, \u017ee M\u00ed\u0161ovi se zlep\u0161ilo v\u0161e ,co jsem napsala v\u00fd\u0161e, ale nesm\u00edrn\u011b mu pomohl tak\u00e9 p\u0159\u00edstup pan\u00ed Mikuleck\u00e9 , kter\u00e1 m\u00e1 v\u017edy pro ka\u017ed\u00e9ho dobr\u00e9 slovo a pochopen\u00ed. Na tomhle pracovi\u0161ti pracuj\u00ed lid\u00e9 s velk\u00fdm srdcem a to, \u017ee maj\u00ed k dispozici takhle skv\u011blou techniku, to je dohromady to nejlep\u0161\u00ed , co n\u00e1s mohlo potkat.<\/em><br \/>\n<em>D\u011bkujeme za v\u0161e a t\u011b\u0161\u00edme se p\u0159\u00ed\u0161t\u011b.<\/em><\/p>\n","protected":false},"excerpt":{"rendered":"P\u0159e\u010dt\u011bte si ohlasy na metodu EEG Biofeedback od na\u0161ich klient\u016f: \u201eTouto cestou bych cht\u011bla pod\u011bkovat panu Dr. Noskovi a zvl\u00e1\u0161t\u011b pan\u00ed Mikuleck\u00e9, kter\u00e1 se v\u011bnuje pr\u00e1ci s biofeedbackem. Kdy\u017e se m\u00e9mu synovi v roce 2019 stala nehoda na motorce a po t\u011b\u017ek\u00fdch operac\u00edch v hradeck\u00e9 nemocnici mi tamn\u00ed l\u00e9ka\u0159i p\u0159edpov\u00eddali, \u017ee l\u00e9\u010den\u00ed bude dlouh\u00e9 a&#8230; <a class=\"view-article\" href=\"https:\/\/www.eeg-biofeedback-hradec.cz\/eeg\/ohlasy-na-eeg-biofeedback\/\">View Article<\/a>","protected":false},"author":1,"featured_media":0,"parent":0,"menu_order":0,"comment_status":"closed","ping_status":"closed","template":"","meta":[],"acf":[],"yoast_head":"<!-- This site is optimized with the Yoast SEO plugin v17.7.1 - https:\/\/yoast.com\/wordpress\/plugins\/seo\/ -->\n<meta name=\"robots\" content=\"index, follow, max-snippet:-1, max-image-preview:large, max-video-preview:-1\" \/>\n<link rel=\"canonical\" href=\"https:\/\/www.eeg-biofeedback-hradec.cz\/eeg\/ohlasy-na-eeg-biofeedback\/\" \/>\n<meta property=\"og:locale\" content=\"cs_CZ\" \/>\n<meta property=\"og:type\" content=\"article\" \/>\n<meta property=\"og:title\" content=\"Ohlasy na EEG Biofeedback - EEG Biofeedback Hradec Kr\u00e1lov\u00e9\" \/>\n<meta property=\"og:description\" content=\"P\u0159e\u010dt\u011bte si ohlasy na metodu EEG Biofeedback od na\u0161ich klient\u016f: \u201eTouto cestou bych cht\u011bla pod\u011bkovat panu Dr. Noskovi a zvl\u00e1\u0161t\u011b pan\u00ed Mikuleck\u00e9, kter\u00e1 se v\u011bnuje pr\u00e1ci s biofeedbackem. Kdy\u017e se m\u00e9mu synovi v roce 2019 stala nehoda na motorce a po t\u011b\u017ek\u00fdch operac\u00edch v hradeck\u00e9 nemocnici mi tamn\u00ed l\u00e9ka\u0159i p\u0159edpov\u00eddali, \u017ee l\u00e9\u010den\u00ed bude dlouh\u00e9 a... View Article\" \/>\n<meta property=\"og:url\" content=\"https:\/\/www.eeg-biofeedback-hradec.cz\/eeg\/ohlasy-na-eeg-biofeedback\/\" \/>\n<meta property=\"og:site_name\" content=\"EEG Biofeedback Hradec Kr\u00e1lov\u00e9\" \/>\n<meta property=\"article:modified_time\" content=\"2023-04-18T08:35:25+00:00\" \/>\n<meta name=\"twitter:card\" content=\"summary_large_image\" \/>\n<meta name=\"twitter:label1\" content=\"Odhadovan\u00e1 doba \u010dten\u00ed\" \/>\n\t<meta name=\"twitter:data1\" content=\"11 minut\" \/>\n<script type=\"application\/ld+json\" class=\"yoast-schema-graph\">{\"@context\":\"https:\/\/schema.org\",\"@graph\":[{\"@type\":\"WebSite\",\"@id\":\"https:\/\/www.eeg-biofeedback-hradec.cz\/eeg\/#website\",\"url\":\"https:\/\/www.eeg-biofeedback-hradec.cz\/eeg\/\",\"name\":\"EEG Biofeedback Hradec Kr\\u00e1lov\\u00e9\",\"description\":\"\",\"potentialAction\":[{\"@type\":\"SearchAction\",\"target\":{\"@type\":\"EntryPoint\",\"urlTemplate\":\"https:\/\/www.eeg-biofeedback-hradec.cz\/eeg\/?s={search_term_string}\"},\"query-input\":\"required name=search_term_string\"}],\"inLanguage\":\"cs\"},{\"@type\":\"WebPage\",\"@id\":\"https:\/\/www.eeg-biofeedback-hradec.cz\/eeg\/ohlasy-na-eeg-biofeedback\/#webpage\",\"url\":\"https:\/\/www.eeg-biofeedback-hradec.cz\/eeg\/ohlasy-na-eeg-biofeedback\/\",\"name\":\"Ohlasy na EEG Biofeedback - EEG Biofeedback Hradec Kr\\u00e1lov\\u00e9\",\"isPartOf\":{\"@id\":\"https:\/\/www.eeg-biofeedback-hradec.cz\/eeg\/#website\"},\"datePublished\":\"2017-02-17T14:28:44+00:00\",\"dateModified\":\"2023-04-18T08:35:25+00:00\",\"breadcrumb\":{\"@id\":\"https:\/\/www.eeg-biofeedback-hradec.cz\/eeg\/ohlasy-na-eeg-biofeedback\/#breadcrumb\"},\"inLanguage\":\"cs\",\"potentialAction\":[{\"@type\":\"ReadAction\",\"target\":[\"https:\/\/www.eeg-biofeedback-hradec.cz\/eeg\/ohlasy-na-eeg-biofeedback\/\"]}]},{\"@type\":\"BreadcrumbList\",\"@id\":\"https:\/\/www.eeg-biofeedback-hradec.cz\/eeg\/ohlasy-na-eeg-biofeedback\/#breadcrumb\",\"itemListElement\":[{\"@type\":\"ListItem\",\"position\":1,\"name\":\"Dom\\u016f\",\"item\":\"https:\/\/www.eeg-biofeedback-hradec.cz\/eeg\/\"},{\"@type\":\"ListItem\",\"position\":2,\"name\":\"Ohlasy na EEG Biofeedback\"}]}]}<\/script>\n<!-- \/ Yoast SEO plugin. -->","yoast_head_json":{"robots":{"index":"index","follow":"follow","max-snippet":"max-snippet:-1","max-image-preview":"max-image-preview:large","max-video-preview":"max-video-preview:-1"},"canonical":"https:\/\/www.eeg-biofeedback-hradec.cz\/eeg\/ohlasy-na-eeg-biofeedback\/","og_locale":"cs_CZ","og_type":"article","og_title":"Ohlasy na EEG Biofeedback - EEG Biofeedback Hradec Kr\u00e1lov\u00e9","og_description":"P\u0159e\u010dt\u011bte si ohlasy na metodu EEG Biofeedback od na\u0161ich klient\u016f: \u201eTouto cestou bych cht\u011bla pod\u011bkovat panu Dr. Noskovi a zvl\u00e1\u0161t\u011b pan\u00ed Mikuleck\u00e9, kter\u00e1 se v\u011bnuje pr\u00e1ci s biofeedbackem. Kdy\u017e se m\u00e9mu synovi v roce 2019 stala nehoda na motorce a po t\u011b\u017ek\u00fdch operac\u00edch v hradeck\u00e9 nemocnici mi tamn\u00ed l\u00e9ka\u0159i p\u0159edpov\u00eddali, \u017ee l\u00e9\u010den\u00ed bude dlouh\u00e9 a... View Article","og_url":"https:\/\/www.eeg-biofeedback-hradec.cz\/eeg\/ohlasy-na-eeg-biofeedback\/","og_site_name":"EEG Biofeedback Hradec Kr\u00e1lov\u00e9","article_modified_time":"2023-04-18T08:35:25+00:00","twitter_card":"summary_large_image","twitter_misc":{"Odhadovan\u00e1 doba \u010dten\u00ed":"11 minut"},"schema":{"@context":"https:\/\/schema.org","@graph":[{"@type":"WebSite","@id":"https:\/\/www.eeg-biofeedback-hradec.cz\/eeg\/#website","url":"https:\/\/www.eeg-biofeedback-hradec.cz\/eeg\/","name":"EEG Biofeedback Hradec Kr\u00e1lov\u00e9","description":"","potentialAction":[{"@type":"SearchAction","target":{"@type":"EntryPoint","urlTemplate":"https:\/\/www.eeg-biofeedback-hradec.cz\/eeg\/?s={search_term_string}"},"query-input":"required name=search_term_string"}],"inLanguage":"cs"},{"@type":"WebPage","@id":"https:\/\/www.eeg-biofeedback-hradec.cz\/eeg\/ohlasy-na-eeg-biofeedback\/#webpage","url":"https:\/\/www.eeg-biofeedback-hradec.cz\/eeg\/ohlasy-na-eeg-biofeedback\/","name":"Ohlasy na EEG Biofeedback - EEG Biofeedback Hradec Kr\u00e1lov\u00e9","isPartOf":{"@id":"https:\/\/www.eeg-biofeedback-hradec.cz\/eeg\/#website"},"datePublished":"2017-02-17T14:28:44+00:00","dateModified":"2023-04-18T08:35:25+00:00","breadcrumb":{"@id":"https:\/\/www.eeg-biofeedback-hradec.cz\/eeg\/ohlasy-na-eeg-biofeedback\/#breadcrumb"},"inLanguage":"cs","potentialAction":[{"@type":"ReadAction","target":["https:\/\/www.eeg-biofeedback-hradec.cz\/eeg\/ohlasy-na-eeg-biofeedback\/"]}]},{"@type":"BreadcrumbList","@id":"https:\/\/www.eeg-biofeedback-hradec.cz\/eeg\/ohlasy-na-eeg-biofeedback\/#breadcrumb","itemListElement":[{"@type":"ListItem","position":1,"name":"Dom\u016f","item":"https:\/\/www.eeg-biofeedback-hradec.cz\/eeg\/"},{"@type":"ListItem","position":2,"name":"Ohlasy na EEG Biofeedback"}]}]}},"_links":{"self":[{"href":"https:\/\/www.eeg-biofeedback-hradec.cz\/eeg\/wp-json\/wp\/v2\/pages\/47"}],"collection":[{"href":"https:\/\/www.eeg-biofeedback-hradec.cz\/eeg\/wp-json\/wp\/v2\/pages"}],"about":[{"href":"https:\/\/www.eeg-biofeedback-hradec.cz\/eeg\/wp-json\/wp\/v2\/types\/page"}],"author":[{"embeddable":true,"href":"https:\/\/www.eeg-biofeedback-hradec.cz\/eeg\/wp-json\/wp\/v2\/users\/1"}],"replies":[{"embeddable":true,"href":"https:\/\/www.eeg-biofeedback-hradec.cz\/eeg\/wp-json\/wp\/v2\/comments?post=47"}],"version-history":[{"count":20,"href":"https:\/\/www.eeg-biofeedback-hradec.cz\/eeg\/wp-json\/wp\/v2\/pages\/47\/revisions"}],"predecessor-version":[{"id":370,"href":"https:\/\/www.eeg-biofeedback-hradec.cz\/eeg\/wp-json\/wp\/v2\/pages\/47\/revisions\/370"}],"wp:attachment":[{"href":"https:\/\/www.eeg-biofeedback-hradec.cz\/eeg\/wp-json\/wp\/v2\/media?parent=47"}],"curies":[{"name":"wp","href":"https:\/\/api.w.org\/{rel}","templated":true}]}}