{"id":54,"date":"2017-02-17T15:41:54","date_gmt":"2017-02-17T14:41:54","guid":{"rendered":"http:\/\/www.eeg-biofeedback-hradec.cz\/eeg\/?page_id=54"},"modified":"2021-06-03T15:51:50","modified_gmt":"2021-06-03T14:51:50","slug":"petra-noskova","status":"publish","type":"page","link":"https:\/\/www.eeg-biofeedback-hradec.cz\/eeg\/petra-noskova\/","title":{"rendered":"Petra Noskov\u00e1 * 1982"},"content":{"rendered":"<p>Narodila jsem se v Hradci Kr\u00e1lov\u00e9, kde jsem vystudovala st\u0159edn\u00ed odbornou \u0161kolu zam\u011b\u0159enou na administrativn\u00ed obor.<\/p>\n<p>M\u00e1m bohat\u00e9 zku\u0161enosti z mnoha zam\u011bstn\u00e1n\u00ed r\u016fzn\u00fdch obor\u016f, kter\u00e1 jsem byla nucena opou\u0161t\u011bt kv\u016fli sv\u00e9mu zdravotn\u00edmu stavu. \u010casto jsem se setk\u00e1vala s lidmi r\u016fzn\u00fdch spole\u010densk\u00fdch vrstev i postaven\u00ed, jejich\u017e \u017eivotn\u00ed p\u0159\u00edb\u011bhy m\u011b zaj\u00edmali. Tyto zku\u0161enosti jsem pozd\u011bji mohla vyu\u017e\u00edt a \u010derpat z nich.<\/p>\n<p>St\u00e1le jsem v\u0161ak tou\u017eila po pr\u00e1ci, kde budu moci s lidmi mluvit o tom, co m\u011b od d\u011btstv\u00ed zaj\u00edm\u00e1. O lidskosti a na\u0161\u00ed psychice. V\u017edy jsem cht\u011bla v\u011bd\u011bt, jak\u00fd \u010dlov\u011bk je pod maskou, za kterou se skr\u00fdv\u00e1, co skute\u010dn\u011b c\u00edt\u00ed a co pro\u017e\u00edv\u00e1. Cht\u011bla jsem poka\u017ed\u00e9 v\u011bd\u011bt pravdu. Mluvit s lidmi i o tom, jak \u010delit nezdar\u016fm, v\u00fdsm\u011bchu a p\u0159ek\u00e1\u017ek\u00e1m, kter\u00e9 jsem i j\u00e1 sama pro\u017eila. O zran\u011bn\u00edch z d\u011btstv\u00ed, kter\u00e1 n\u00e1s tolik ovliv\u0148uj\u00ed. P\u0159\u00e1la jsem si d\u011btem uleh\u010dit \u017eivot, pomoci jim l\u00e9pe se vyrovnat se zran\u011bn\u00edm a umen\u0161it tak jeho dopad na jejich dosp\u00edv\u00e1n\u00ed.<br \/>\nP\u0159\u00e1la jsem si mluvit a povzbuzovat d\u011bti, kter\u00e9 jsou zra\u0148ov\u00e1ny a souzeny nejen ve \u0161kole, ale i doma, sv\u00fdmi nejbli\u017e\u0161\u00edmi. Ty, na kter\u00e9 jsou nakl\u00e1d\u00e1ny po\u017eadavky, kter\u00e9 nejsou schopn\u00e9 zvl\u00e1dnout a nemohou o tom mluvit, proto\u017ee je nikdo nech\u00e1pe.<br \/>\nV\u00fdk\u0159iky do ticha t\u011bchto d\u011bt\u00ed, otev\u00edr\u00e1n\u00ed bolav\u00fdch ran a jejich pro\u010di\u0161t\u011bn\u00ed, \u00fasm\u011bv a \u00faleva po odevzd\u00e1n\u00ed t\u00ed\u017eiv\u00e9ho b\u0159emene&#8230;To v\u0161e m\u011b st\u00e1le motivovalo a poh\u00e1n\u011blo kup\u0159edu za prac\u00ed, ve kterou jsem v\u011b\u0159ila, \u017ee naleznu.<\/p>\n<p>Samostudium psychologie, pedagogiky, z\u00e1jem o osobn\u00ed r\u016fst, i m\u00e9 vlastn\u00ed uzdraven\u00ed, m\u011b nakonec dovedly k EEG Biofeedbacku. Po vlastn\u00ed zku\u0161enosti s tr\u00e9ninky, sezn\u00e1men\u00ed se s jeho \u00fa\u010dinky, jsem byla nad\u0161en\u00e1. Jeho dlouhodob\u00e9 p\u016fsoben\u00ed a trval\u00fd efekt mne doslova nadchl.<\/p>\n<p>Obzvl\u00e1\u0161\u0165, kdy\u017e jsem pomyslela na d\u011bti.<\/p>\n<p>Proto jsem zvolila \u0161kolen\u00ed v t\u00e9to metod\u011b v rozsahu 200 hodin a d\u016fkladn\u00e9 \u0161kolen\u00ed v psychologii.<\/p>\n<p>P\u0159\u00e1la jsem si takovou pr\u00e1ci, kterou jsem nakonec u EEG Biofeedbacku nalezla.<br \/>\nM\u016fj z\u00e1jem pomoci d\u011btem i dosp\u011bl\u00fdm s jejich pozornost\u00ed, nalezen\u00edm zdrav\u00e9ho sebev\u011bdom\u00ed, sebep\u0159ijet\u00edm, i duchovn\u00ed orientac\u00ed, se t\u00edm je\u0161t\u011b prohloubil.<br \/>\nMnoho pot\u00ed\u017e\u00ed i bolest\u00ed, kter\u00e9 u d\u011bt\u00ed, p\u0159ich\u00e1zej\u00edc\u00edch na tr\u00e9nink, pozoruji, jsem sama m\u011bla. M\u00e1m tedy pochopen\u00ed pro to, co pro\u017e\u00edvaj\u00ed. \u010casto mi klienti velmi p\u0159irostou k srdci.<\/p>\n<p>Jsem v\u011b\u0159\u00edc\u00ed, praktikuj\u00edc\u00ed katoli\u010dka a pro\u0161la jsem mnoha semin\u00e1\u0159i, kter\u00e9 se v\u017edy dot\u00fdkaj\u00ed lidsk\u00e9ho \u017eivota, mezilidsk\u00fdch vztah\u016f a vz\u00e1jemn\u00e9 l\u00e1sky. Jsem vd\u011b\u010dn\u00e1, \u017ee se mohu t\u00edmto zp\u016fsobem posouvat v \u017eivot\u011b d\u00e1l a nal\u00e9zat tak lep\u0161\u00ed n\u00e1stroje pro komunikaci s ostatn\u00edmi, i sama se sebou.<\/p>\n<p><a href=\"http:\/\/www.eeg-biofeedback-hradec.cz\/eeg\/wp-content\/uploads\/sites\/2\/2017\/02\/Petra-EEG-Biofeedback.jpg\"><img loading=\"lazy\" width=\"700\" height=\"498\" class=\"aligncenter size-large wp-image-55\" src=\"http:\/\/www.eeg-biofeedback-hradec.cz\/eeg\/wp-content\/uploads\/sites\/2\/2017\/02\/Petra-EEG-Biofeedback-700x498.jpg\" alt=\"Petra---EEG-Biofeedback\" srcset=\"https:\/\/www.eeg-biofeedback-hradec.cz\/eeg\/wp-content\/uploads\/sites\/2\/2017\/02\/Petra-EEG-Biofeedback-700x498.jpg 700w, https:\/\/www.eeg-biofeedback-hradec.cz\/eeg\/wp-content\/uploads\/sites\/2\/2017\/02\/Petra-EEG-Biofeedback-250x178.jpg 250w, https:\/\/www.eeg-biofeedback-hradec.cz\/eeg\/wp-content\/uploads\/sites\/2\/2017\/02\/Petra-EEG-Biofeedback-768x546.jpg 768w, https:\/\/www.eeg-biofeedback-hradec.cz\/eeg\/wp-content\/uploads\/sites\/2\/2017\/02\/Petra-EEG-Biofeedback-120x85.jpg 120w, https:\/\/www.eeg-biofeedback-hradec.cz\/eeg\/wp-content\/uploads\/sites\/2\/2017\/02\/Petra-EEG-Biofeedback.jpg 1500w\" sizes=\"(max-width: 700px) 100vw, 700px\" \/><\/a><\/p>\n","protected":false},"excerpt":{"rendered":"Narodila jsem se v Hradci Kr\u00e1lov\u00e9, kde jsem vystudovala st\u0159edn\u00ed odbornou \u0161kolu zam\u011b\u0159enou na administrativn\u00ed obor. M\u00e1m bohat\u00e9 zku\u0161enosti z mnoha zam\u011bstn\u00e1n\u00ed r\u016fzn\u00fdch obor\u016f, kter\u00e1 jsem byla nucena opou\u0161t\u011bt kv\u016fli sv\u00e9mu zdravotn\u00edmu stavu. \u010casto jsem se setk\u00e1vala s lidmi r\u016fzn\u00fdch spole\u010densk\u00fdch vrstev i postaven\u00ed, jejich\u017e \u017eivotn\u00ed p\u0159\u00edb\u011bhy m\u011b zaj\u00edmali. Tyto zku\u0161enosti jsem pozd\u011bji mohla vyu\u017e\u00edt&#8230; <a class=\"view-article\" href=\"https:\/\/www.eeg-biofeedback-hradec.cz\/eeg\/petra-noskova\/\">View Article<\/a>","protected":false},"author":1,"featured_media":0,"parent":0,"menu_order":0,"comment_status":"closed","ping_status":"closed","template":"","meta":[],"acf":[],"yoast_head":"<!-- This site is optimized with the Yoast SEO plugin v17.7.1 - https:\/\/yoast.com\/wordpress\/plugins\/seo\/ -->\n<meta name=\"robots\" content=\"index, follow, max-snippet:-1, max-image-preview:large, max-video-preview:-1\" \/>\n<link rel=\"canonical\" href=\"https:\/\/www.eeg-biofeedback-hradec.cz\/eeg\/petra-noskova\/\" \/>\n<meta property=\"og:locale\" content=\"cs_CZ\" \/>\n<meta property=\"og:type\" content=\"article\" \/>\n<meta property=\"og:title\" content=\"Petra Noskov\u00e1 * 1982 - EEG Biofeedback Hradec Kr\u00e1lov\u00e9\" \/>\n<meta property=\"og:description\" content=\"Narodila jsem se v Hradci Kr\u00e1lov\u00e9, kde jsem vystudovala st\u0159edn\u00ed odbornou \u0161kolu zam\u011b\u0159enou na administrativn\u00ed obor. M\u00e1m bohat\u00e9 zku\u0161enosti z mnoha zam\u011bstn\u00e1n\u00ed r\u016fzn\u00fdch obor\u016f, kter\u00e1 jsem byla nucena opou\u0161t\u011bt kv\u016fli sv\u00e9mu zdravotn\u00edmu stavu. \u010casto jsem se setk\u00e1vala s lidmi r\u016fzn\u00fdch spole\u010densk\u00fdch vrstev i postaven\u00ed, jejich\u017e \u017eivotn\u00ed p\u0159\u00edb\u011bhy m\u011b zaj\u00edmali. Tyto zku\u0161enosti jsem pozd\u011bji mohla vyu\u017e\u00edt... View Article\" \/>\n<meta property=\"og:url\" content=\"https:\/\/www.eeg-biofeedback-hradec.cz\/eeg\/petra-noskova\/\" \/>\n<meta property=\"og:site_name\" content=\"EEG Biofeedback Hradec Kr\u00e1lov\u00e9\" \/>\n<meta property=\"article:modified_time\" content=\"2021-06-03T14:51:50+00:00\" \/>\n<meta property=\"og:image\" content=\"http:\/\/www.eeg-biofeedback-hradec.cz\/eeg\/wp-content\/uploads\/sites\/2\/2017\/02\/Petra-EEG-Biofeedback-700x498.jpg\" \/>\n<meta name=\"twitter:card\" content=\"summary_large_image\" \/>\n<meta name=\"twitter:label1\" content=\"Odhadovan\u00e1 doba \u010dten\u00ed\" \/>\n\t<meta name=\"twitter:data1\" content=\"3 minuty\" \/>\n<script type=\"application\/ld+json\" class=\"yoast-schema-graph\">{\"@context\":\"https:\/\/schema.org\",\"@graph\":[{\"@type\":\"WebSite\",\"@id\":\"https:\/\/www.eeg-biofeedback-hradec.cz\/eeg\/#website\",\"url\":\"https:\/\/www.eeg-biofeedback-hradec.cz\/eeg\/\",\"name\":\"EEG Biofeedback Hradec Kr\\u00e1lov\\u00e9\",\"description\":\"\",\"potentialAction\":[{\"@type\":\"SearchAction\",\"target\":{\"@type\":\"EntryPoint\",\"urlTemplate\":\"https:\/\/www.eeg-biofeedback-hradec.cz\/eeg\/?s={search_term_string}\"},\"query-input\":\"required name=search_term_string\"}],\"inLanguage\":\"cs\"},{\"@type\":\"ImageObject\",\"@id\":\"https:\/\/www.eeg-biofeedback-hradec.cz\/eeg\/petra-noskova\/#primaryimage\",\"inLanguage\":\"cs\",\"url\":\"http:\/\/www.eeg-biofeedback-hradec.cz\/eeg\/wp-content\/uploads\/sites\/2\/2017\/02\/Petra-EEG-Biofeedback-700x498.jpg\",\"contentUrl\":\"http:\/\/www.eeg-biofeedback-hradec.cz\/eeg\/wp-content\/uploads\/sites\/2\/2017\/02\/Petra-EEG-Biofeedback-700x498.jpg\"},{\"@type\":\"WebPage\",\"@id\":\"https:\/\/www.eeg-biofeedback-hradec.cz\/eeg\/petra-noskova\/#webpage\",\"url\":\"https:\/\/www.eeg-biofeedback-hradec.cz\/eeg\/petra-noskova\/\",\"name\":\"Petra Noskov\\u00e1 * 1982 - EEG Biofeedback Hradec Kr\\u00e1lov\\u00e9\",\"isPartOf\":{\"@id\":\"https:\/\/www.eeg-biofeedback-hradec.cz\/eeg\/#website\"},\"primaryImageOfPage\":{\"@id\":\"https:\/\/www.eeg-biofeedback-hradec.cz\/eeg\/petra-noskova\/#primaryimage\"},\"datePublished\":\"2017-02-17T14:41:54+00:00\",\"dateModified\":\"2021-06-03T14:51:50+00:00\",\"breadcrumb\":{\"@id\":\"https:\/\/www.eeg-biofeedback-hradec.cz\/eeg\/petra-noskova\/#breadcrumb\"},\"inLanguage\":\"cs\",\"potentialAction\":[{\"@type\":\"ReadAction\",\"target\":[\"https:\/\/www.eeg-biofeedback-hradec.cz\/eeg\/petra-noskova\/\"]}]},{\"@type\":\"BreadcrumbList\",\"@id\":\"https:\/\/www.eeg-biofeedback-hradec.cz\/eeg\/petra-noskova\/#breadcrumb\",\"itemListElement\":[{\"@type\":\"ListItem\",\"position\":1,\"name\":\"Dom\\u016f\",\"item\":\"https:\/\/www.eeg-biofeedback-hradec.cz\/eeg\/\"},{\"@type\":\"ListItem\",\"position\":2,\"name\":\"Petra Noskov\\u00e1 * 1982\"}]}]}<\/script>\n<!-- \/ Yoast SEO plugin. -->","yoast_head_json":{"robots":{"index":"index","follow":"follow","max-snippet":"max-snippet:-1","max-image-preview":"max-image-preview:large","max-video-preview":"max-video-preview:-1"},"canonical":"https:\/\/www.eeg-biofeedback-hradec.cz\/eeg\/petra-noskova\/","og_locale":"cs_CZ","og_type":"article","og_title":"Petra Noskov\u00e1 * 1982 - EEG Biofeedback Hradec Kr\u00e1lov\u00e9","og_description":"Narodila jsem se v Hradci Kr\u00e1lov\u00e9, kde jsem vystudovala st\u0159edn\u00ed odbornou \u0161kolu zam\u011b\u0159enou na administrativn\u00ed obor. M\u00e1m bohat\u00e9 zku\u0161enosti z mnoha zam\u011bstn\u00e1n\u00ed r\u016fzn\u00fdch obor\u016f, kter\u00e1 jsem byla nucena opou\u0161t\u011bt kv\u016fli sv\u00e9mu zdravotn\u00edmu stavu. \u010casto jsem se setk\u00e1vala s lidmi r\u016fzn\u00fdch spole\u010densk\u00fdch vrstev i postaven\u00ed, jejich\u017e \u017eivotn\u00ed p\u0159\u00edb\u011bhy m\u011b zaj\u00edmali. Tyto zku\u0161enosti jsem pozd\u011bji mohla vyu\u017e\u00edt... View Article","og_url":"https:\/\/www.eeg-biofeedback-hradec.cz\/eeg\/petra-noskova\/","og_site_name":"EEG Biofeedback Hradec Kr\u00e1lov\u00e9","article_modified_time":"2021-06-03T14:51:50+00:00","og_image":[{"url":"http:\/\/www.eeg-biofeedback-hradec.cz\/eeg\/wp-content\/uploads\/sites\/2\/2017\/02\/Petra-EEG-Biofeedback-700x498.jpg"}],"twitter_card":"summary_large_image","twitter_misc":{"Odhadovan\u00e1 doba \u010dten\u00ed":"3 minuty"},"schema":{"@context":"https:\/\/schema.org","@graph":[{"@type":"WebSite","@id":"https:\/\/www.eeg-biofeedback-hradec.cz\/eeg\/#website","url":"https:\/\/www.eeg-biofeedback-hradec.cz\/eeg\/","name":"EEG Biofeedback Hradec Kr\u00e1lov\u00e9","description":"","potentialAction":[{"@type":"SearchAction","target":{"@type":"EntryPoint","urlTemplate":"https:\/\/www.eeg-biofeedback-hradec.cz\/eeg\/?s={search_term_string}"},"query-input":"required name=search_term_string"}],"inLanguage":"cs"},{"@type":"ImageObject","@id":"https:\/\/www.eeg-biofeedback-hradec.cz\/eeg\/petra-noskova\/#primaryimage","inLanguage":"cs","url":"http:\/\/www.eeg-biofeedback-hradec.cz\/eeg\/wp-content\/uploads\/sites\/2\/2017\/02\/Petra-EEG-Biofeedback-700x498.jpg","contentUrl":"http:\/\/www.eeg-biofeedback-hradec.cz\/eeg\/wp-content\/uploads\/sites\/2\/2017\/02\/Petra-EEG-Biofeedback-700x498.jpg"},{"@type":"WebPage","@id":"https:\/\/www.eeg-biofeedback-hradec.cz\/eeg\/petra-noskova\/#webpage","url":"https:\/\/www.eeg-biofeedback-hradec.cz\/eeg\/petra-noskova\/","name":"Petra Noskov\u00e1 * 1982 - EEG Biofeedback Hradec Kr\u00e1lov\u00e9","isPartOf":{"@id":"https:\/\/www.eeg-biofeedback-hradec.cz\/eeg\/#website"},"primaryImageOfPage":{"@id":"https:\/\/www.eeg-biofeedback-hradec.cz\/eeg\/petra-noskova\/#primaryimage"},"datePublished":"2017-02-17T14:41:54+00:00","dateModified":"2021-06-03T14:51:50+00:00","breadcrumb":{"@id":"https:\/\/www.eeg-biofeedback-hradec.cz\/eeg\/petra-noskova\/#breadcrumb"},"inLanguage":"cs","potentialAction":[{"@type":"ReadAction","target":["https:\/\/www.eeg-biofeedback-hradec.cz\/eeg\/petra-noskova\/"]}]},{"@type":"BreadcrumbList","@id":"https:\/\/www.eeg-biofeedback-hradec.cz\/eeg\/petra-noskova\/#breadcrumb","itemListElement":[{"@type":"ListItem","position":1,"name":"Dom\u016f","item":"https:\/\/www.eeg-biofeedback-hradec.cz\/eeg\/"},{"@type":"ListItem","position":2,"name":"Petra Noskov\u00e1 * 1982"}]}]}},"_links":{"self":[{"href":"https:\/\/www.eeg-biofeedback-hradec.cz\/eeg\/wp-json\/wp\/v2\/pages\/54"}],"collection":[{"href":"https:\/\/www.eeg-biofeedback-hradec.cz\/eeg\/wp-json\/wp\/v2\/pages"}],"about":[{"href":"https:\/\/www.eeg-biofeedback-hradec.cz\/eeg\/wp-json\/wp\/v2\/types\/page"}],"author":[{"embeddable":true,"href":"https:\/\/www.eeg-biofeedback-hradec.cz\/eeg\/wp-json\/wp\/v2\/users\/1"}],"replies":[{"embeddable":true,"href":"https:\/\/www.eeg-biofeedback-hradec.cz\/eeg\/wp-json\/wp\/v2\/comments?post=54"}],"version-history":[{"count":5,"href":"https:\/\/www.eeg-biofeedback-hradec.cz\/eeg\/wp-json\/wp\/v2\/pages\/54\/revisions"}],"predecessor-version":[{"id":292,"href":"https:\/\/www.eeg-biofeedback-hradec.cz\/eeg\/wp-json\/wp\/v2\/pages\/54\/revisions\/292"}],"wp:attachment":[{"href":"https:\/\/www.eeg-biofeedback-hradec.cz\/eeg\/wp-json\/wp\/v2\/media?parent=54"}],"curies":[{"name":"wp","href":"https:\/\/api.w.org\/{rel}","templated":true}]}}