{"id":68,"date":"2017-02-17T15:55:59","date_gmt":"2017-02-17T14:55:59","guid":{"rendered":"http:\/\/www.eeg-biofeedback-hradec.cz\/eeg\/?page_id=68"},"modified":"2017-05-23T13:04:45","modified_gmt":"2017-05-23T12:04:45","slug":"radomir-nosek-1960","status":"publish","type":"page","link":"https:\/\/www.eeg-biofeedback-hradec.cz\/eeg\/radomir-nosek-1960\/","title":{"rendered":"Radom\u00edr Nosek * 1960"},"content":{"rendered":"<p>St\u0159edn\u00ed \u0161kolu (SZT\u0160) jsem absolvoval v D\u011b\u010d\u00edn\u011b, maturitu jsem skl\u00e1dal v roce 1980.<\/p>\n<p>Prvn\u00ed pracovn\u00ed zku\u0161enosti jsem z\u00edskal ve v\u00fdzkumn\u00e9m \u00fastavu ovocn\u00e1\u0159sk\u00e9m v Holovousech.<\/p>\n<p>Po z\u00e1kladn\u00ed vojensk\u00e9 slu\u017eb\u011b jsem nastoupil do druh\u00e9ho zam\u011bstn\u00e1n\u00ed ve V\u00fdzkumn\u00e9m \u00fastavu okrasn\u00e9ho zahradnictv\u00ed v Pr\u016fhonic\u00edch. D\u00e1le na polsk\u00e9m velvyslanectv\u00ed.<\/p>\n<p>2. maturitu ,na st\u0159edn\u00ed zdravotnick\u00e9 \u0161kole, jsem \u00fasp\u011b\u0161n\u011b slo\u017eil ji\u017e b\u011bhem pr\u00e1ce ve Vinohradsk\u00e9 nemocnici.<\/p>\n<p>Za totality jsem 3 roky tajn\u011b studoval teologii. Po revoluci jsem ve studiu pokra\u010doval na Univerzit\u011b Karlov\u011b tak\u00e9 3 roky, ale ze zdravotn\u00edch d\u016fvod\u016f jsem studium nedokon\u010dil.<br \/>\nPo odchodu z Prahy jsem pro\u017eil 6 m\u011bs\u00edc\u016f v Kl\u00e1\u0161te\u0159e Karmelit\u00e1n\u016f v Kosteln\u00edm Vyd\u0159\u00ed. Byla to obohacuj\u00edc\u00ed \u017eivotn\u00ed zku\u0161enost.<\/p>\n<p>Potom jsem pracoval na psychiatrick\u00e9m odd\u011blen\u00ed fakultn\u00ed nemocnice v Hradci Kr\u00e1lov\u00e9 a v psychiatrick\u00e9 l\u00e9\u010debn\u011b v Havl\u00ed\u010dkov\u011b Brod\u011b, kde jsem z\u00edskal zku\u0161enosti na odd\u011blen\u00ed pro l\u00e9\u010dbu z\u00e1vislost\u00ed v \u017deliv\u011b.<\/p>\n<p>O\u017eenil jsem se a m\u00e1me 3 d\u011bti 18, 14 a 11 let.<\/p>\n<p>Hled\u00e1n\u00ed a podpora toho dobr\u00e9ho, co se v lidech skr\u00fdv\u00e1, aby na\u0161li svou skute\u010dnou hodnotu a dok\u00e1zali tvo\u0159it zdrav\u00e9 vztahy kolem sebe, pova\u017euji za sv\u00e9 celo\u017eivotn\u00ed posl\u00e1n\u00ed.<br \/>\nPodpora a obnova l\u00e1sky v rodin\u00e1ch a sm\u00ed\u0159en\u00ed d\u011bt\u00ed s rodi\u010di i partner\u016f mezi sebou m\u011b dlouho zaj\u00edmalo. Spr\u00e1vn\u00fd sm\u011br jsem hledal p\u0159i pr\u00e1ci ve zdravotnictv\u00ed i p\u0159i studiu knih.<br \/>\nN\u00e1sledn\u011b m\u011b siln\u011b oslovila kniha Mal\u00fd tyran od PhDr. Ji\u0159iny Prekopov\u00e9, u kter\u00e9 jsem absolvoval 500 hodin v\u00fdcviku v terapii pevn\u00fdm objet\u00edm a v systemick\u00e9 terapii podle Berta Hellingera. Po tomto v\u00fdcviku jsem nad\u00e1le, 10 let, s PhDr. J.Prekopovou a PhDr. J. \u0160turmou spolupracoval p\u0159i v\u00fdcviku dal\u0161\u00edch terapeut\u016f.<\/p>\n<p>Absolvoval jsem v\u00fdcvik v technik\u00e1ch EEG Biofeedbacku, v rozsahu 300 hodin, u PhDr. J. Tyla na UK a v sugestivn\u00edch technik\u00e1ch, v rozsahu 60 hodin, u PhDr. Turbov\u00e9. Na\u0161e poradna v Hradci Kr\u00e1lov\u00e9 byla druh\u00e1 v \u010cesk\u00e9 republice. Pro\u0161ly j\u00ed tis\u00edce d\u011bt\u00ed i dosp\u011bl\u00fdch, kte\u0159\u00ed cht\u011bli zlep\u0161it soust\u0159ed\u011bn\u00ed, pozornost a pam\u011b\u0165, nebo nap\u0159\u00edklad zlep\u0161it kvalitu sp\u00e1nku.<br \/>\nD\u00e1le prov\u00e1d\u00edm individu\u00e1ln\u00ed rozhovory zam\u011b\u0159en\u00e9 na osobnostn\u00ed r\u016fst a vztahy, sm\u00ed\u0159en\u00ed rodi\u010d\u016f s d\u011btmi, i partnersk\u00e9 sm\u00ed\u0159en\u00ed podle PhDr. Ji\u0159iny Prekopov\u00e9.<\/p>\n<p>Praxe m\u011b nau\u010dila nikoho, kdo p\u0159ijde, nesoudit, nekritizovat, ale spole\u010dn\u011b hledat cestu ke zlep\u0161en\u00ed vztah\u016f k sob\u011b, i k nejbli\u017e\u0161\u00edm.<br \/>\nJe kr\u00e1sn\u00e9, vid\u011bt rozz\u00e1\u0159en\u00e9 o\u010di klienta, kter\u00fd na\u0161el svou cestu a m\u016f\u017ee \u017e\u00edt sv\u016fj \u017eivot s radost\u00ed.<\/p>\n<p><a href=\"http:\/\/www.eeg-biofeedback-hradec.cz\/eeg\/wp-content\/uploads\/sites\/2\/2017\/02\/Diplom-EEG-Biofeedback-1.jpg\"><img loading=\"lazy\" width=\"150\" height=\"150\" class=\"alignleft size-thumbnail wp-image-139\" src=\"http:\/\/www.eeg-biofeedback-hradec.cz\/eeg\/wp-content\/uploads\/sites\/2\/2017\/02\/Diplom-EEG-Biofeedback-1-150x150.jpg\" alt=\"Diplom-EEG-Biofeedback\" \/><\/a> <a href=\"http:\/\/www.eeg-biofeedback-hradec.cz\/eeg\/wp-content\/uploads\/sites\/2\/2017\/02\/Certifik\u00e1t-\u0160kola-l\u00e1sky-v-rodin\u011b-2.jpg\"><img loading=\"lazy\" width=\"150\" height=\"150\" class=\"alignleft size-thumbnail wp-image-138\" src=\"http:\/\/www.eeg-biofeedback-hradec.cz\/eeg\/wp-content\/uploads\/sites\/2\/2017\/02\/Certifik\u00e1t-\u0160kola-l\u00e1sky-v-rodin\u011b-2-150x150.jpg\" alt=\"Certifik\u00e1t-\u0160kola-l\u00e1sky-v-rodin\u011b-2\" \/><\/a> <a href=\"http:\/\/www.eeg-biofeedback-hradec.cz\/eeg\/wp-content\/uploads\/sites\/2\/2017\/02\/Certifik\u00e1t-\u0160kola-l\u00e1sky-v-rodin\u011b-1.jpg\"><img loading=\"lazy\" width=\"150\" height=\"150\" class=\"alignleft size-thumbnail wp-image-137\" src=\"http:\/\/www.eeg-biofeedback-hradec.cz\/eeg\/wp-content\/uploads\/sites\/2\/2017\/02\/Certifik\u00e1t-\u0160kola-l\u00e1sky-v-rodin\u011b-1-150x150.jpg\" alt=\"Certifik\u00e1t-\u0160kola-l\u00e1sky-v-rodin\u011b\" \/><\/a> <a href=\"http:\/\/www.eeg-biofeedback-hradec.cz\/eeg\/wp-content\/uploads\/sites\/2\/2017\/02\/Osv\u011bd\u010den\u00ed-psychoterapeutick\u00fd-v\u00fdcvik.jpg\"><img loading=\"lazy\" width=\"150\" height=\"150\" class=\"alignleft size-thumbnail wp-image-140\" src=\"http:\/\/www.eeg-biofeedback-hradec.cz\/eeg\/wp-content\/uploads\/sites\/2\/2017\/02\/Osv\u011bd\u010den\u00ed-psychoterapeutick\u00fd-v\u00fdcvik-150x150.jpg\" alt=\"Osv\u011bd\u010den\u00ed---psychoterapeutick\u00fd-v\u00fdcvik\" \/><\/a> <a href=\"http:\/\/www.eeg-biofeedback-hradec.cz\/eeg\/wp-content\/uploads\/sites\/2\/2017\/02\/Radek-Centrum-paprsek.jpg\"><img loading=\"lazy\" width=\"150\" height=\"150\" class=\"alignleft size-thumbnail wp-image-141\" src=\"http:\/\/www.eeg-biofeedback-hradec.cz\/eeg\/wp-content\/uploads\/sites\/2\/2017\/02\/Radek-Centrum-paprsek-150x150.jpg\" alt=\"Radek-Centrum-paprsek\" \/><\/a> <a href=\"http:\/\/www.eeg-biofeedback-hradec.cz\/eeg\/wp-content\/uploads\/sites\/2\/2017\/02\/Radek-potrvrzen\u00ed-o-\u00fa\u010dasti-L\u00e1ska-a-pevn\u00e9-objet\u00ed.jpg\"><img loading=\"lazy\" width=\"150\" height=\"150\" class=\"alignleft size-thumbnail wp-image-142\" src=\"http:\/\/www.eeg-biofeedback-hradec.cz\/eeg\/wp-content\/uploads\/sites\/2\/2017\/02\/Radek-potrvrzen\u00ed-o-\u00fa\u010dasti-L\u00e1ska-a-pevn\u00e9-objet\u00ed-150x150.jpg\" alt=\"Radek-potrvrzen\u00ed-o-\u00fa\u010dasti-L\u00e1ska-a-pevn\u00e9-objet\u00ed\" \/><\/a><\/p>\n<p><a href=\"http:\/\/www.eeg-biofeedback-hradec.cz\/eeg\/wp-content\/uploads\/sites\/2\/2017\/02\/Urkunde.jpg\"><img loading=\"lazy\" width=\"150\" height=\"150\" class=\"size-thumbnail wp-image-199 alignleft\" src=\"http:\/\/www.eeg-biofeedback-hradec.cz\/eeg\/wp-content\/uploads\/sites\/2\/2017\/02\/Urkunde-150x150.jpg\" alt=\"Urkunde\" \/><\/a><\/p>\n","protected":false},"excerpt":{"rendered":"St\u0159edn\u00ed \u0161kolu (SZT\u0160) jsem absolvoval v D\u011b\u010d\u00edn\u011b, maturitu jsem skl\u00e1dal v roce 1980. Prvn\u00ed pracovn\u00ed zku\u0161enosti jsem z\u00edskal ve v\u00fdzkumn\u00e9m \u00fastavu ovocn\u00e1\u0159sk\u00e9m v Holovousech. Po z\u00e1kladn\u00ed vojensk\u00e9 slu\u017eb\u011b jsem nastoupil do druh\u00e9ho zam\u011bstn\u00e1n\u00ed ve V\u00fdzkumn\u00e9m \u00fastavu okrasn\u00e9ho zahradnictv\u00ed v Pr\u016fhonic\u00edch. D\u00e1le na polsk\u00e9m velvyslanectv\u00ed. 2. maturitu ,na st\u0159edn\u00ed zdravotnick\u00e9 \u0161kole, jsem \u00fasp\u011b\u0161n\u011b slo\u017eil ji\u017e b\u011bhem&#8230; <a class=\"view-article\" href=\"https:\/\/www.eeg-biofeedback-hradec.cz\/eeg\/radomir-nosek-1960\/\">View Article<\/a>","protected":false},"author":1,"featured_media":0,"parent":0,"menu_order":0,"comment_status":"closed","ping_status":"closed","template":"","meta":[],"acf":[],"yoast_head":"<!-- This site is optimized with the Yoast SEO plugin v17.7.1 - https:\/\/yoast.com\/wordpress\/plugins\/seo\/ -->\n<meta name=\"robots\" content=\"index, follow, max-snippet:-1, max-image-preview:large, max-video-preview:-1\" \/>\n<link rel=\"canonical\" href=\"https:\/\/www.eeg-biofeedback-hradec.cz\/eeg\/radomir-nosek-1960\/\" \/>\n<meta property=\"og:locale\" content=\"cs_CZ\" \/>\n<meta property=\"og:type\" content=\"article\" \/>\n<meta property=\"og:title\" content=\"Radom\u00edr Nosek * 1960 - EEG Biofeedback Hradec Kr\u00e1lov\u00e9\" \/>\n<meta property=\"og:description\" content=\"St\u0159edn\u00ed \u0161kolu (SZT\u0160) jsem absolvoval v D\u011b\u010d\u00edn\u011b, maturitu jsem skl\u00e1dal v roce 1980. Prvn\u00ed pracovn\u00ed zku\u0161enosti jsem z\u00edskal ve v\u00fdzkumn\u00e9m \u00fastavu ovocn\u00e1\u0159sk\u00e9m v Holovousech. Po z\u00e1kladn\u00ed vojensk\u00e9 slu\u017eb\u011b jsem nastoupil do druh\u00e9ho zam\u011bstn\u00e1n\u00ed ve V\u00fdzkumn\u00e9m \u00fastavu okrasn\u00e9ho zahradnictv\u00ed v Pr\u016fhonic\u00edch. D\u00e1le na polsk\u00e9m velvyslanectv\u00ed. 2. maturitu ,na st\u0159edn\u00ed zdravotnick\u00e9 \u0161kole, jsem \u00fasp\u011b\u0161n\u011b slo\u017eil ji\u017e b\u011bhem... View Article\" \/>\n<meta property=\"og:url\" content=\"https:\/\/www.eeg-biofeedback-hradec.cz\/eeg\/radomir-nosek-1960\/\" \/>\n<meta property=\"og:site_name\" content=\"EEG Biofeedback Hradec Kr\u00e1lov\u00e9\" \/>\n<meta property=\"article:modified_time\" content=\"2017-05-23T12:04:45+00:00\" \/>\n<meta property=\"og:image\" content=\"http:\/\/www.eeg-biofeedback-hradec.cz\/eeg\/wp-content\/uploads\/sites\/2\/2017\/02\/Diplom-EEG-Biofeedback-1-150x150.jpg\" \/>\n<meta name=\"twitter:card\" content=\"summary_large_image\" \/>\n<meta name=\"twitter:label1\" content=\"Odhadovan\u00e1 doba \u010dten\u00ed\" \/>\n\t<meta name=\"twitter:data1\" content=\"2 minuty\" \/>\n<script type=\"application\/ld+json\" class=\"yoast-schema-graph\">{\"@context\":\"https:\/\/schema.org\",\"@graph\":[{\"@type\":\"WebSite\",\"@id\":\"https:\/\/www.eeg-biofeedback-hradec.cz\/eeg\/#website\",\"url\":\"https:\/\/www.eeg-biofeedback-hradec.cz\/eeg\/\",\"name\":\"EEG Biofeedback Hradec Kr\\u00e1lov\\u00e9\",\"description\":\"\",\"potentialAction\":[{\"@type\":\"SearchAction\",\"target\":{\"@type\":\"EntryPoint\",\"urlTemplate\":\"https:\/\/www.eeg-biofeedback-hradec.cz\/eeg\/?s={search_term_string}\"},\"query-input\":\"required name=search_term_string\"}],\"inLanguage\":\"cs\"},{\"@type\":\"ImageObject\",\"@id\":\"https:\/\/www.eeg-biofeedback-hradec.cz\/eeg\/radomir-nosek-1960\/#primaryimage\",\"inLanguage\":\"cs\",\"url\":\"http:\/\/www.eeg-biofeedback-hradec.cz\/eeg\/wp-content\/uploads\/sites\/2\/2017\/02\/Diplom-EEG-Biofeedback-1-150x150.jpg\",\"contentUrl\":\"http:\/\/www.eeg-biofeedback-hradec.cz\/eeg\/wp-content\/uploads\/sites\/2\/2017\/02\/Diplom-EEG-Biofeedback-1-150x150.jpg\"},{\"@type\":\"WebPage\",\"@id\":\"https:\/\/www.eeg-biofeedback-hradec.cz\/eeg\/radomir-nosek-1960\/#webpage\",\"url\":\"https:\/\/www.eeg-biofeedback-hradec.cz\/eeg\/radomir-nosek-1960\/\",\"name\":\"Radom\\u00edr Nosek * 1960 - EEG Biofeedback Hradec Kr\\u00e1lov\\u00e9\",\"isPartOf\":{\"@id\":\"https:\/\/www.eeg-biofeedback-hradec.cz\/eeg\/#website\"},\"primaryImageOfPage\":{\"@id\":\"https:\/\/www.eeg-biofeedback-hradec.cz\/eeg\/radomir-nosek-1960\/#primaryimage\"},\"datePublished\":\"2017-02-17T14:55:59+00:00\",\"dateModified\":\"2017-05-23T12:04:45+00:00\",\"breadcrumb\":{\"@id\":\"https:\/\/www.eeg-biofeedback-hradec.cz\/eeg\/radomir-nosek-1960\/#breadcrumb\"},\"inLanguage\":\"cs\",\"potentialAction\":[{\"@type\":\"ReadAction\",\"target\":[\"https:\/\/www.eeg-biofeedback-hradec.cz\/eeg\/radomir-nosek-1960\/\"]}]},{\"@type\":\"BreadcrumbList\",\"@id\":\"https:\/\/www.eeg-biofeedback-hradec.cz\/eeg\/radomir-nosek-1960\/#breadcrumb\",\"itemListElement\":[{\"@type\":\"ListItem\",\"position\":1,\"name\":\"Dom\\u016f\",\"item\":\"https:\/\/www.eeg-biofeedback-hradec.cz\/eeg\/\"},{\"@type\":\"ListItem\",\"position\":2,\"name\":\"Radom\\u00edr Nosek * 1960\"}]}]}<\/script>\n<!-- \/ Yoast SEO plugin. -->","yoast_head_json":{"robots":{"index":"index","follow":"follow","max-snippet":"max-snippet:-1","max-image-preview":"max-image-preview:large","max-video-preview":"max-video-preview:-1"},"canonical":"https:\/\/www.eeg-biofeedback-hradec.cz\/eeg\/radomir-nosek-1960\/","og_locale":"cs_CZ","og_type":"article","og_title":"Radom\u00edr Nosek * 1960 - EEG Biofeedback Hradec Kr\u00e1lov\u00e9","og_description":"St\u0159edn\u00ed \u0161kolu (SZT\u0160) jsem absolvoval v D\u011b\u010d\u00edn\u011b, maturitu jsem skl\u00e1dal v roce 1980. Prvn\u00ed pracovn\u00ed zku\u0161enosti jsem z\u00edskal ve v\u00fdzkumn\u00e9m \u00fastavu ovocn\u00e1\u0159sk\u00e9m v Holovousech. Po z\u00e1kladn\u00ed vojensk\u00e9 slu\u017eb\u011b jsem nastoupil do druh\u00e9ho zam\u011bstn\u00e1n\u00ed ve V\u00fdzkumn\u00e9m \u00fastavu okrasn\u00e9ho zahradnictv\u00ed v Pr\u016fhonic\u00edch. D\u00e1le na polsk\u00e9m velvyslanectv\u00ed. 2. maturitu ,na st\u0159edn\u00ed zdravotnick\u00e9 \u0161kole, jsem \u00fasp\u011b\u0161n\u011b slo\u017eil ji\u017e b\u011bhem... View Article","og_url":"https:\/\/www.eeg-biofeedback-hradec.cz\/eeg\/radomir-nosek-1960\/","og_site_name":"EEG Biofeedback Hradec Kr\u00e1lov\u00e9","article_modified_time":"2017-05-23T12:04:45+00:00","og_image":[{"url":"http:\/\/www.eeg-biofeedback-hradec.cz\/eeg\/wp-content\/uploads\/sites\/2\/2017\/02\/Diplom-EEG-Biofeedback-1-150x150.jpg"}],"twitter_card":"summary_large_image","twitter_misc":{"Odhadovan\u00e1 doba \u010dten\u00ed":"2 minuty"},"schema":{"@context":"https:\/\/schema.org","@graph":[{"@type":"WebSite","@id":"https:\/\/www.eeg-biofeedback-hradec.cz\/eeg\/#website","url":"https:\/\/www.eeg-biofeedback-hradec.cz\/eeg\/","name":"EEG Biofeedback Hradec Kr\u00e1lov\u00e9","description":"","potentialAction":[{"@type":"SearchAction","target":{"@type":"EntryPoint","urlTemplate":"https:\/\/www.eeg-biofeedback-hradec.cz\/eeg\/?s={search_term_string}"},"query-input":"required name=search_term_string"}],"inLanguage":"cs"},{"@type":"ImageObject","@id":"https:\/\/www.eeg-biofeedback-hradec.cz\/eeg\/radomir-nosek-1960\/#primaryimage","inLanguage":"cs","url":"http:\/\/www.eeg-biofeedback-hradec.cz\/eeg\/wp-content\/uploads\/sites\/2\/2017\/02\/Diplom-EEG-Biofeedback-1-150x150.jpg","contentUrl":"http:\/\/www.eeg-biofeedback-hradec.cz\/eeg\/wp-content\/uploads\/sites\/2\/2017\/02\/Diplom-EEG-Biofeedback-1-150x150.jpg"},{"@type":"WebPage","@id":"https:\/\/www.eeg-biofeedback-hradec.cz\/eeg\/radomir-nosek-1960\/#webpage","url":"https:\/\/www.eeg-biofeedback-hradec.cz\/eeg\/radomir-nosek-1960\/","name":"Radom\u00edr Nosek * 1960 - EEG Biofeedback Hradec Kr\u00e1lov\u00e9","isPartOf":{"@id":"https:\/\/www.eeg-biofeedback-hradec.cz\/eeg\/#website"},"primaryImageOfPage":{"@id":"https:\/\/www.eeg-biofeedback-hradec.cz\/eeg\/radomir-nosek-1960\/#primaryimage"},"datePublished":"2017-02-17T14:55:59+00:00","dateModified":"2017-05-23T12:04:45+00:00","breadcrumb":{"@id":"https:\/\/www.eeg-biofeedback-hradec.cz\/eeg\/radomir-nosek-1960\/#breadcrumb"},"inLanguage":"cs","potentialAction":[{"@type":"ReadAction","target":["https:\/\/www.eeg-biofeedback-hradec.cz\/eeg\/radomir-nosek-1960\/"]}]},{"@type":"BreadcrumbList","@id":"https:\/\/www.eeg-biofeedback-hradec.cz\/eeg\/radomir-nosek-1960\/#breadcrumb","itemListElement":[{"@type":"ListItem","position":1,"name":"Dom\u016f","item":"https:\/\/www.eeg-biofeedback-hradec.cz\/eeg\/"},{"@type":"ListItem","position":2,"name":"Radom\u00edr Nosek * 1960"}]}]}},"_links":{"self":[{"href":"https:\/\/www.eeg-biofeedback-hradec.cz\/eeg\/wp-json\/wp\/v2\/pages\/68"}],"collection":[{"href":"https:\/\/www.eeg-biofeedback-hradec.cz\/eeg\/wp-json\/wp\/v2\/pages"}],"about":[{"href":"https:\/\/www.eeg-biofeedback-hradec.cz\/eeg\/wp-json\/wp\/v2\/types\/page"}],"author":[{"embeddable":true,"href":"https:\/\/www.eeg-biofeedback-hradec.cz\/eeg\/wp-json\/wp\/v2\/users\/1"}],"replies":[{"embeddable":true,"href":"https:\/\/www.eeg-biofeedback-hradec.cz\/eeg\/wp-json\/wp\/v2\/comments?post=68"}],"version-history":[{"count":10,"href":"https:\/\/www.eeg-biofeedback-hradec.cz\/eeg\/wp-json\/wp\/v2\/pages\/68\/revisions"}],"predecessor-version":[{"id":273,"href":"https:\/\/www.eeg-biofeedback-hradec.cz\/eeg\/wp-json\/wp\/v2\/pages\/68\/revisions\/273"}],"wp:attachment":[{"href":"https:\/\/www.eeg-biofeedback-hradec.cz\/eeg\/wp-json\/wp\/v2\/media?parent=68"}],"curies":[{"name":"wp","href":"https:\/\/api.w.org\/{rel}","templated":true}]}}